{"id":1067,"date":"2023-01-02T11:11:05","date_gmt":"2023-01-02T10:11:05","guid":{"rendered":"https:\/\/update.boettcher-film.de\/belina-music-for-peace\/"},"modified":"2026-02-18T15:31:01","modified_gmt":"2026-02-18T14:31:01","slug":"belina-music-for-peace","status":"publish","type":"page","link":"https:\/\/www.boettcher-film.de\/?page_id=1067","title":{"rendered":"Belina &#8211; Music For Peace"},"content":{"rendered":"<div data-colibri-id=\"1067-c1\" class=\"style-429 style-local-1067-c1 position-relative\">\n  <!---->\n  <div data-colibri-component=\"section\" data-colibri-id=\"1067-c2\" id=\"overlappable\" class=\"h-section h-section-global-spacing d-flex align-items-lg-center align-items-md-center align-items-center style-430 style-local-1067-c2 position-relative\">\n    <!---->\n    <!---->\n    <div class=\"h-section-grid-container h-section-boxed-container\">\n      <!---->\n      <div data-colibri-id=\"1067-c3\" class=\"h-row-container gutters-row-lg-0 gutters-row-md-0 gutters-row-0 gutters-row-v-lg-0 gutters-row-v-md-0 gutters-row-v-0 style-431 style-local-1067-c3 position-relative\">\n        <!---->\n        <div class=\"h-row justify-content-lg-center justify-content-md-center justify-content-center align-items-lg-stretch align-items-md-stretch align-items-stretch gutters-col-lg-0 gutters-col-md-0 gutters-col-0 gutters-col-v-lg-0 gutters-col-v-md-0 gutters-col-v-0\">\n          <!---->\n          <div class=\"h-column h-column-container d-flex h-col-lg-auto h-col-md-auto h-col-auto style-433-outer style-local-1067-c4-outer\">\n            <div data-colibri-id=\"1067-c4\" class=\"d-flex h-flex-basis h-column__inner h-px-lg-1 h-px-md-1 h-px-1 v-inner-lg-1 v-inner-md-1 v-inner-1 style-433 style-local-1067-c4 position-relative\">\n              <!---->\n              <!---->\n              <div class=\"w-100 h-y-container h-column__content h-column__v-align flex-basis-100 align-self-lg-center align-self-md-center align-self-center\">\n                <!---->\n                <div data-colibri-id=\"1067-c5\" class=\"d-block style-485 style-local-1067-c5 position-relative h-element\">\n                  <!---->\n                  <div class=\"h-image__frame-container-outer\">\n                    <div class=\"h-image__frame-container\">\n                      <!---->\n                      <!---->\n                      <img loading=\"lazy\" decoding=\"async\" width=\"759\" height=\"1080\" src=\"https:\/\/www.boettcher-film.de\/wp-content\/uploads\/2022\/12\/Belina-Filmplakat.jpg\" class=\"wp-image-261 style-485-image style-local-1067-c5-image\" alt=\"\" srcset=\"https:\/\/www.boettcher-film.de\/wp-content\/uploads\/2022\/12\/Belina-Filmplakat.jpg 759w, https:\/\/www.boettcher-film.de\/wp-content\/uploads\/2022\/12\/Belina-Filmplakat-211x300.jpg 211w, https:\/\/www.boettcher-film.de\/wp-content\/uploads\/2022\/12\/Belina-Filmplakat-720x1024.jpg 720w\" sizes=\"auto, (max-width: 759px) 100vw, 759px\" \/>\n                      <div class=\"h-image__frame h-hide-lg h-hide-md h-hide-sm style-485-frameImage style-local-1067-c5-frameImage\"><\/div>\n                    <\/div>\n                  <\/div>\n                <\/div>\n              <\/div>\n            <\/div>\n          <\/div>\n          <div class=\"h-column h-column-container d-flex h-col-lg-auto h-col-md-auto h-col-auto style-433-outer style-local-1067-c6-outer\">\n            <div data-colibri-id=\"1067-c6\" class=\"d-flex h-flex-basis h-column__inner h-px-lg-1 h-px-md-1 h-px-1 v-inner-lg-1 v-inner-md-1 v-inner-1 style-433 style-local-1067-c6 position-relative\">\n              <!---->\n              <!---->\n              <div class=\"w-100 h-y-container h-column__content h-column__v-align flex-basis-100 align-self-lg-center align-self-md-center align-self-center\">\n                <!---->\n                <div data-colibri-id=\"1067-c7\" class=\"h-global-transition-all h-heading style-434 style-local-1067-c7 position-relative h-element\">\n                  <!---->\n                  <div class=\"h-heading__outer style-434 style-local-1067-c7\">\n                    <!---->\n                    <!---->\n                    <h3 class=\"\"><span style=\"font-family: &quot;Open Sans&quot;;\">Belina \u2013 Music For Peace<\/span><\/h3>\n                  <\/div>\n                <\/div>\n                <div data-colibri-id=\"1067-c8\" class=\"h-text h-text-component style-435 style-local-1067-c8 position-relative h-element\">\n                  <!---->\n                  <!---->\n                  <div class=\"\">\n                    <p><span style=\"font-family: Lato;\">Belina (1925-2006) gilt mit ihrem folkloristischen Repertoire als Br\u00fcckenbauerin zwischen den V\u00f6lkern und Kulturen.<\/span><\/p>\n                    <p>Gemeinsam mit dem Berliner Gitarristen Siegfried Behrend&nbsp;(1933-1990) reiste die j\u00fcdisch-polnische K\u00fcnstlerin in den 1960er- Jahren als \u201emusikalische Diplomatin&#8220; rund um die Welt und sang in 17 Sprachen. Belina beschritt nach dem\n                      Krieg den Weg der Auss\u00f6hnung und setzte sich trotz ihrer traumatischen Erlebnisse w\u00e4hrend der NS-Diktatur f\u00fcr Toleranz und Gleichheit zwischen Deutschen, Juden und anderen Nationen ein.<\/p>\n                    <p>F\u00fcr sie&nbsp;beide war Musik die einzig universelle Sprache, fernab von Herkunft, Religion und Hautfarbe. Ihr Bestreben, zu verbinden und zu vermitteln, war nicht nur vorbildlich und mutig, es ist noch in heutiger Krisenzeit mit Rechtspopulismus,\n                      Rassismus und Fl\u00fcchtlingsstr\u00f6men von brennender Aktualit\u00e4t.<\/p>\n                  <\/div>\n                <\/div>\n                <div data-colibri-id=\"1067-c58\" class=\"d-block style-1350 style-local-1067-c58 position-relative h-element\">\n                  <!---->\n                  <div class=\"h-image__frame-container-outer\">\n                    <div class=\"h-image__frame-container\">\n                      <!---->\n                      <!---->\n                      <img decoding=\"async\" src=\"https:\/\/www.boettcher-film.de\/wp-content\/uploads\/2025\/05\/IMG_4724-150x150.jpg\" class=\"style-1350-image style-local-1067-c58-image\">\n                      <div class=\"h-image__frame h-hide-lg h-hide-md h-hide-sm style-1350-frameImage style-local-1067-c58-frameImage\"><\/div>\n                    <\/div>\n                  <\/div>\n                <\/div>\n                <div data-colibri-id=\"1067-c59\" class=\"h-text h-text-component style-1351 style-local-1067-c59 position-relative h-element\">\n                  <!---->\n                  <!---->\n                  <div class=\"\">\n                    <p>DVD f\u00fcr 22,00 \u20ac zzgl. Versand direkt bei MB-Film bestellen.<\/p>\n                  <\/div>\n                <\/div>\n                <div data-colibri-id=\"1067-c60\" class=\"h-x-container style-1352 style-local-1067-c60 position-relative h-element\">\n                  <!---->\n                  <div class=\"h-x-container-inner style-dynamic-1067-c60-group style-1352-spacing style-local-1067-c60-spacing\"><span class=\"h-button__outer style-1353-outer style-local-1067-c61-outer d-inline-flex h-element\"><a h-use-smooth-scroll=\"true\" href=\"mailto:info@boettcher-film.de\"  data-colibri-id=\"1067-c61\" class=\"d-flex w-100 align-items-center h-button justify-content-lg-center justify-content-md-center justify-content-center style-1353 style-local-1067-c61 position-relative\"><!----><!----> <span>Email zum Kaufen<\/span><\/a>\n                    <\/span>\n                  <\/div>\n                <\/div>\n              <\/div>\n            <\/div>\n          <\/div>\n          <div class=\"h-column h-column-container d-flex h-col-lg-auto h-col-md-auto h-col-auto style-433-outer style-local-1067-c9-outer\">\n            <div data-colibri-id=\"1067-c9\" class=\"d-flex h-flex-basis h-column__inner h-px-lg-1 h-px-md-1 h-px-1 v-inner-lg-1 v-inner-md-1 v-inner-1 style-433 style-local-1067-c9 position-relative\">\n              <!---->\n              <!---->\n              <div class=\"w-100 h-y-container h-column__content h-column__v-align flex-basis-100 align-self-lg-center align-self-md-center align-self-center\">\n                <!---->\n                <div data-colibri-id=\"1067-c10\" class=\"h-global-transition-all h-heading style-434 style-local-1067-c10 position-relative h-element\">\n                  <!---->\n                  <div class=\"h-heading__outer style-434 style-local-1067-c10\">\n                    <!---->\n                    <!---->\n                    <h3 class=\"\">Rezensionen<\/h3>\n                  <\/div>\n                <\/div>\n              <\/div>\n            <\/div>\n          <\/div>\n          <div class=\"h-column h-column-container d-flex h-col-lg-auto h-col-md-auto h-col-auto style-433-outer style-local-1067-c11-outer\">\n            <div data-colibri-id=\"1067-c11\" class=\"d-flex h-flex-basis h-column__inner h-px-lg-1 h-px-md-1 h-px-1 v-inner-lg-1 v-inner-md-1 v-inner-1 style-433 style-local-1067-c11 position-relative\">\n              <!---->\n              <!---->\n              <div class=\"w-100 h-y-container h-column__content h-column__v-align flex-basis-100 align-self-lg-center align-self-md-center align-self-center\">\n                <!---->\n                <div data-colibri-id=\"1067-c12\" class=\"h-row-container gutters-row-lg-2 gutters-row-md-2 gutters-row-0 gutters-row-v-lg-2 gutters-row-v-md-2 gutters-row-v-2 style-443 style-local-1067-c12 position-relative\">\n                  <!---->\n                  <div class=\"h-row justify-content-lg-center justify-content-md-center justify-content-center align-items-lg-stretch align-items-md-stretch align-items-stretch gutters-col-lg-2 gutters-col-md-2 gutters-col-0 gutters-col-v-lg-2 gutters-col-v-md-2 gutters-col-v-2\">\n                    <!---->\n                    <div class=\"h-column h-column-container d-flex h-col-lg-auto h-col-md-auto h-col-auto style-444-outer style-local-1067-c13-outer\">\n                      <div data-colibri-id=\"1067-c13\" class=\"d-flex h-flex-basis h-column__inner h-px-lg-2 h-px-md-2 h-px-2 v-inner-lg-2 v-inner-md-2 v-inner-2 style-444 style-local-1067-c13 position-relative\">\n                        <!---->\n                        <!---->\n                        <div class=\"w-100 h-y-container h-column__content h-column__v-align flex-basis-100 align-self-lg-start align-self-md-start align-self-start\">\n                          <!---->\n                          <div data-colibri-id=\"1067-c14\" class=\"h-text h-text-component style-450 style-local-1067-c14 position-relative h-element\">\n                            <!---->\n                            <!---->\n                            <div class=\"\">\n                              <p><span style=\"font-family: Lato; font-size: 14px;\">\u201eEinfach wundersch\u00f6n, tieftraurig, und sehr bewegend.&#8220;&nbsp;<\/span><em style=\"font-family: Lato; font-size: 11px;\">(Sharon Adler, AVIVA &#8211; Magazin f\u00fcr Frauen, 24.02.2021)<\/em><\/p>\n                            <\/div>\n                          <\/div>\n                        <\/div>\n                      <\/div>\n                    <\/div>\n                    <div class=\"h-column h-column-container d-flex h-col-lg-auto h-col-md-auto h-col-auto style-445-outer style-local-1067-c15-outer\">\n                      <div data-colibri-id=\"1067-c15\" class=\"d-flex h-flex-basis h-column__inner h-px-lg-2 h-px-md-2 h-px-2 v-inner-lg-2 v-inner-md-2 v-inner-2 style-445 style-local-1067-c15 position-relative\">\n                        <!---->\n                        <!---->\n                        <div class=\"w-100 h-y-container h-column__content h-column__v-align flex-basis-100 align-self-lg-start align-self-md-start align-self-start\">\n                          <!---->\n                          <div data-colibri-id=\"1067-c16\" class=\"h-text h-text-component style-450 style-local-1067-c16 position-relative h-element\">\n                            <!---->\n                            <!---->\n                            <div class=\"\">\n                              <p><span style=\"font-family: Lato; font-size: 14px;\">\u201eDie S\u00e4ngerin Belina, neu entdeckt &#8211; ein Gl\u00fccksfall.&#8220; (<\/span><em style=\"font-family: Lato; font-size: 11px;\">Mittelbayerische Zeitung, Michael Scheiner, 26.02.2021)<\/em><\/p>\n                            <\/div>\n                          <\/div>\n                        <\/div>\n                      <\/div>\n                    <\/div>\n                  <\/div>\n                <\/div>\n                <div data-colibri-id=\"1067-c17\" class=\"h-row-container gutters-row-lg-2 gutters-row-md-2 gutters-row-0 gutters-row-v-lg-2 gutters-row-v-md-2 gutters-row-v-2 style-443 style-local-1067-c17 position-relative\">\n                  <!---->\n                  <div class=\"h-row justify-content-lg-center justify-content-md-center justify-content-center align-items-lg-stretch align-items-md-stretch align-items-stretch gutters-col-lg-2 gutters-col-md-2 gutters-col-0 gutters-col-v-lg-2 gutters-col-v-md-2 gutters-col-v-2\">\n                    <!---->\n                    <div class=\"h-column h-column-container d-flex h-col-lg-auto h-col-md-auto h-col-auto style-444-outer style-local-1067-c18-outer\">\n                      <div data-colibri-id=\"1067-c18\" class=\"d-flex h-flex-basis h-column__inner h-px-lg-2 h-px-md-2 h-px-2 v-inner-lg-2 v-inner-md-2 v-inner-2 style-444 style-local-1067-c18 position-relative\">\n                        <!---->\n                        <!---->\n                        <div class=\"w-100 h-y-container h-column__content h-column__v-align flex-basis-100 align-self-lg-start align-self-md-start align-self-start\">\n                          <!---->\n                          <div data-colibri-id=\"1067-c19\" class=\"h-text h-text-component style-450 style-local-1067-c19 position-relative h-element\">\n                            <!---->\n                            <!---->\n                            <div class=\"\">\n                              <p><span style=\"color: rgb(226, 235, 231); font-weight: 400; font-family: Lato; font-size: 14px;\">\u201eMitten in einer Zeit, die von Kriegen und Rassismus gepr\u00e4gt ist &#8211; ein w\u00fcrdiges Denkmal!&#8220;&nbsp;<\/span><em style=\"color: rgb(226, 235, 231); font-weight: 400; font-family: Lato; font-size: 11px;\">(Melodiva, 21.01.2021)<\/em><\/p>\n                            <\/div>\n                          <\/div>\n                        <\/div>\n                      <\/div>\n                    <\/div>\n                    <div class=\"h-column h-column-container d-flex h-col-lg-auto h-col-md-auto h-col-auto style-445-outer style-local-1067-c20-outer\">\n                      <div data-colibri-id=\"1067-c20\" class=\"d-flex h-flex-basis h-column__inner h-px-lg-2 h-px-md-2 h-px-2 v-inner-lg-2 v-inner-md-2 v-inner-2 style-445 style-local-1067-c20 position-relative\">\n                        <!---->\n                        <!---->\n                        <div class=\"w-100 h-y-container h-column__content h-column__v-align flex-basis-100 align-self-lg-start align-self-md-start align-self-start\">\n                          <!---->\n                          <div data-colibri-id=\"1067-c21\" class=\"h-text h-text-component style-450 style-local-1067-c21 position-relative h-element\">\n                            <!---->\n                            <!---->\n                            <div class=\"\">\n                              <p>&#8222;Ein beeindruckender Film \u00fcber eine zu Unrecht vergessenen S\u00e4ngerin&#8220; <em style=\"font-size: 72%;\">(S\u00fcdwestpresse, 25.11.2022)<\/em><\/p>\n                            <\/div>\n                          <\/div>\n                        <\/div>\n                      <\/div>\n                    <\/div>\n                  <\/div>\n                <\/div>\n              <\/div>\n            <\/div>\n          <\/div>\n        <\/div>\n      <\/div>\n      <div data-colibri-id=\"1067-c22\" class=\"h-row-container gutters-row-lg-2 gutters-row-md-2 gutters-row-0 gutters-row-v-lg-2 gutters-row-v-md-2 gutters-row-v-2 style-440 style-local-1067-c22 position-relative\">\n        <!---->\n        <div class=\"h-row justify-content-lg-center justify-content-md-center justify-content-center align-items-lg-stretch align-items-md-stretch align-items-stretch gutters-col-lg-2 gutters-col-md-2 gutters-col-0 gutters-col-v-lg-2 gutters-col-v-md-2 gutters-col-v-2\">\n          <!---->\n          <div class=\"h-column h-column-container d-flex h-col-lg-6 h-col-md-6 h-col-12 style-433-outer style-local-1067-c23-outer\">\n            <div data-colibri-id=\"1067-c23\" class=\"d-flex h-flex-basis h-column__inner h-px-lg-1 h-px-md-1 h-px-1 v-inner-lg-1 v-inner-md-1 v-inner-1 style-433 style-local-1067-c23 position-relative\">\n              <!---->\n              <!---->\n              <div class=\"w-100 h-y-container h-column__content h-column__v-align flex-basis-100 align-self-lg-center align-self-md-center align-self-center\">\n                <!---->\n                <div data-colibri-component=\"video\" data-colibri-id=\"1067-c24\" class=\"d-block h-video d-block h-video style-453 style-local-1067-c24 position-relative h-element\">\n                  <!---->\n                  <!---->\n                  <div class=\"video-container position-relative\">\n                    <div class=\"h-global-transition-all ratio-inner\"><video class='h-video-main' controls\n ><source src=https:\/\/www.boettcher-film.de\/wp-content\/uploads\/2022\/12\/Belina-Music-For-Peace-offizieller-Trailer-zum-Film-von-Marc-Boettcher-Weltpremiere-2021.mp4 type='video\/mp4' \/><\/video><\/div>\n                  <\/div>\n                <\/div>\n              <\/div>\n            <\/div>\n          <\/div>\n          <div class=\"h-column h-column-container d-flex h-col-lg-6 h-col-md-6 h-col-12 style-433-outer style-local-1067-c26-outer\">\n            <div data-colibri-id=\"1067-c26\" class=\"d-flex h-flex-basis h-column__inner h-px-lg-1 h-px-md-1 h-px-1 v-inner-lg-1 v-inner-md-1 v-inner-1 style-433 style-local-1067-c26 position-relative\">\n              <!---->\n              <!---->\n              <div class=\"w-100 h-y-container h-column__content h-column__v-align flex-basis-100 align-self-lg-center align-self-md-center align-self-center\">\n                <!---->\n                <div data-colibri-id=\"1067-c27\" class=\"h-global-transition-all h-heading style-452 style-local-1067-c27 position-relative h-element\">\n                  <!---->\n                  <div class=\"h-heading__outer style-452 style-local-1067-c27\">\n                    <!---->\n                    <!---->\n                    <h1 class=\"\"><span style=\"font-family: &quot;Open Sans&quot;;\">Trailer<\/span><\/h1>\n                  <\/div>\n                <\/div>\n              <\/div>\n            <\/div>\n          <\/div>\n        <\/div>\n      <\/div>\n      <div data-colibri-id=\"1067-c28\" class=\"h-row-container gutters-row-lg-2 gutters-row-md-2 gutters-row-0 gutters-row-v-lg-2 gutters-row-v-md-2 gutters-row-v-2 style-455 style-local-1067-c28 position-relative\">\n        <!---->\n        <div class=\"h-row justify-content-lg-center justify-content-md-center justify-content-center align-items-lg-stretch align-items-md-stretch align-items-stretch gutters-col-lg-2 gutters-col-md-2 gutters-col-0 gutters-col-v-lg-2 gutters-col-v-md-2 gutters-col-v-2\">\n          <!---->\n          <div class=\"h-column h-column-container d-flex h-col-lg-auto h-col-md-auto h-col-auto style-433-outer style-local-1067-c29-outer\">\n            <div data-colibri-id=\"1067-c29\" class=\"d-flex h-flex-basis h-column__inner h-px-lg-1 h-px-md-1 h-px-1 v-inner-lg-1 v-inner-md-1 v-inner-1 style-433 style-local-1067-c29 position-relative\">\n              <!---->\n              <!---->\n              <div class=\"w-100 h-y-container h-column__content h-column__v-align flex-basis-100 align-self-lg-center align-self-md-center align-self-center\">\n                <!---->\n                <div data-colibri-id=\"1067-c30\" class=\"d-block style-458 style-local-1067-c30 position-relative h-element\">\n                  <!---->\n                  <div class=\"h-image__frame-container-outer\">\n                    <div class=\"h-image__frame-container\">\n                      <!---->\n                      <!---->\n                      <img loading=\"lazy\" decoding=\"async\" width=\"250\" height=\"250\" src=\"https:\/\/www.boettcher-film.de\/wp-content\/uploads\/2022\/12\/siegel_w.png\" class=\"wp-image-251 style-458-image style-local-1067-c30-image\" alt=\"\" srcset=\"https:\/\/www.boettcher-film.de\/wp-content\/uploads\/2022\/12\/siegel_w.png 250w, https:\/\/www.boettcher-film.de\/wp-content\/uploads\/2022\/12\/siegel_w-150x150.png 150w\" sizes=\"auto, (max-width: 250px) 100vw, 250px\" \/>\n                      <div class=\"h-image__frame h-hide-lg h-hide-md h-hide-sm style-458-frameImage style-local-1067-c30-frameImage\"><\/div>\n                    <\/div>\n                  <\/div>\n                <\/div>\n              <\/div>\n            <\/div>\n          <\/div>\n          <div class=\"h-column h-column-container d-flex h-col-lg-auto h-col-md-auto h-col-auto style-457-outer style-local-1067-c31-outer\">\n            <div data-colibri-id=\"1067-c31\" class=\"d-flex h-flex-basis h-column__inner h-px-lg-2 h-px-md-2 h-px-2 v-inner-lg-2 v-inner-md-2 v-inner-2 style-457 style-local-1067-c31 position-relative\">\n              <!---->\n              <!---->\n              <div class=\"w-100 h-y-container h-column__content h-column__v-align flex-basis-100 align-self-lg-start align-self-md-start align-self-start\">\n                <!---->\n                <div data-colibri-id=\"1067-c32\" class=\"h-text h-text-component style-459 style-local-1067-c32 position-relative h-element\">\n                  <!---->\n                  <!---->\n                  <div class=\"\">\n                    <p><strong style=\"font-size: 14px; font-family: Lato;\">\u201eEine detailreiche und hervorragend recherchierte Verbeugung vor einem musikalischen Lebenswerk, das vor dem Vergessen bewahrt werden muss.&#8220;\u200b<\/strong><\/p>\n                    <h6>Die Filmbewertungsstelle Wiesbaden hat am 04.03.2021 einstimmig das Goldene G\u00fctesiegel mit der Jurybegr\u00fcndung vergeben:<\/h6>\n                    <p><span style=\"color: rgb(255, 255, 255); font-size: 14px; font-family: Lato;\">\u201eMarc Boettchers Dokumentarfilm \u00fcber die Weltmusik-Interpretin zieht unweigerlich in den Bann. Das gilt auch f\u00fcr Zuschauer*innen, f\u00fcr die die S\u00e4ngerin bislang eher unbekannt war. Der Einstieg, die vor 15 Jahren&nbsp;<\/span>\n                      <span\n                        style=\"font-size: 14px; font-family: Lato;\">Verstorbene zuerst dadurch vorzustellen, dass andere von ihr erz\u00e4hlen, erscheint deshalb besonders gelungen: Der Film n\u00e4hert sich der Person und ihrem Werk nicht mit dem Alleswisserstandpunkt eines klassischen Fernsehfeatures, sondern\n                        mit einer gewissen Diskretion, die die boulevardeske Herangehensweise mit ihrem Schielen auf Sensation und Enth\u00fcllung weit von sich weist.<\/span>\n                    <\/p>\n                    <p><span style=\"font-size: 14px; font-family: Lato;\">Zugleich erf\u00e4hrt man nicht nur etwas \u00fcber die Person, sondern auch etwas \u00fcber die Spuren, die ihr Leben hinterlassen hat und den Einfluss, den ihr Schaffen auf andere hatte. Die herk\u00f6mmlichen Zutaten eines Dokumentarfilmes, also die Verkn\u00fcpfung von Archivmaterial mit Interviews mit Verwandten, Freunden und Zeitzeugen, schneidet Boettcher hier auf besondere Weise zusammen. Zwar folgt er in lockerer Weise dem Lebensweg der S\u00e4ngerin durch die Jahrzehnte, doch die mit viel Fingerspitzengef\u00fchl montierten Aussagen von anderen lassen nicht nur ein lebendig-widerspr\u00fcchliches Bild einer komplexen, ungew\u00f6hnlichen Person entstehen. Sondern belegen auch immer wieder interessante Zeitaspekte, wie etwa den allt\u00e4glichen Sexismus sowohl im Musikgesch\u00e4ft als auch im deutschen 1960er-Jahre-Fernsehen, wo Belina als Frau vielerlei Benachteiligen und Herabw\u00fcrdigungen erleben musste. Wie nebenbei erf\u00e4hrt man als Zuschauer*in viel \u00fcber den Wandel der Musikbranche in der Nachkriegszeit und einiges \u00fcber die Bedeutung der Weltmusik und ihr sich wandelndes Verh\u00e4ltnis zum politischen Engagement, \u00fcber die sich ver\u00e4ndernden Grenzen zwischen E- und -Musik, zwischen Anspruch und Unterhaltung sowie Unterhaltung mit Anspruch. Boettcher weckt mit seinem Film neues Interesse an einer spannenden Zeit und einer tollen Figur, deren Lebenshaltung und -werk beispielhaft scheinen. Ohne je p\u00e4dagogisch vorzugehen, l\u00e4sst er Belina noch einmal lebendig werden und vermittelt den Zuschauern ein echtes Gef\u00fchl f\u00fcr eine hochtalentierte Frau, die es sich selbst nie leicht machte.&#8220;<\/span><\/p>\n                    <p>\n                      <br>\n                    <\/p>\n                  <\/div>\n                <\/div>\n              <\/div>\n            <\/div>\n          <\/div>\n        <\/div>\n      <\/div>\n      <div data-colibri-id=\"1067-c33\" class=\"h-row-container gutters-row-lg-1 gutters-row-md-1 gutters-row-0 gutters-row-v-lg-1 gutters-row-v-md-1 gutters-row-v-1 style-460 style-local-1067-c33 position-relative\">\n        <!---->\n        <div class=\"h-row justify-content-lg-center justify-content-md-center justify-content-center align-items-lg-stretch align-items-md-stretch align-items-stretch gutters-col-lg-1 gutters-col-md-1 gutters-col-0 gutters-col-v-lg-1 gutters-col-v-md-1 gutters-col-v-1\">\n          <!---->\n          <div class=\"h-column h-column-container d-flex h-col-lg-auto h-col-md-auto h-col-auto style-433-outer style-local-1067-c34-outer\">\n            <div data-colibri-id=\"1067-c34\" class=\"d-flex h-flex-basis h-column__inner h-px-lg-1 h-px-md-1 h-px-1 v-inner-lg-1 v-inner-md-1 v-inner-1 style-433 style-local-1067-c34 position-relative\">\n              <!---->\n              <!---->\n              <div class=\"w-100 h-y-container h-column__content h-column__v-align flex-basis-100 align-self-lg-center align-self-md-center align-self-center\">\n                <!---->\n                <div data-colibri-id=\"1067-c35\" class=\"h-row-container gutters-row-lg-1 gutters-row-md-1 gutters-row-0 gutters-row-v-lg-1 gutters-row-v-md-1 gutters-row-v-1 style-464 style-local-1067-c35 position-relative\">\n                  <!---->\n                  <div class=\"h-row justify-content-lg-center justify-content-md-center justify-content-center align-items-lg-stretch align-items-md-stretch align-items-stretch gutters-col-lg-1 gutters-col-md-1 gutters-col-0 gutters-col-v-lg-1 gutters-col-v-md-1 gutters-col-v-1\">\n                    <!---->\n                    <div class=\"h-column h-column-container d-flex h-col-lg-auto h-col-md-auto h-col-auto style-465-outer style-local-1067-c36-outer\">\n                      <div data-colibri-id=\"1067-c36\" class=\"d-flex h-flex-basis h-column__inner h-px-lg-0 h-px-md-0 h-px-0 v-inner-lg-0 v-inner-md-0 v-inner-0 style-465 style-local-1067-c36 position-relative\">\n                        <!---->\n                        <!---->\n                        <div class=\"w-100 h-y-container h-column__content h-column__v-align flex-basis-100 align-self-lg-center align-self-md-center align-self-center\">\n                          <!---->\n                          <div data-colibri-id=\"1067-c37\" class=\"d-block style-475 style-local-1067-c37 position-relative h-element\">\n                            <!---->\n                            <div class=\"h-image__frame-container-outer\">\n                              <div class=\"h-image__frame-container\">\n                                <!---->\n                                <!---->\n                                <img loading=\"lazy\" decoding=\"async\" width=\"288\" height=\"162\" src=\"https:\/\/www.boettcher-film.de\/wp-content\/uploads\/2022\/12\/367_288x162_2019-06-14-09-06-26-767.png\" class=\"wp-image-930 style-475-image style-local-1067-c37-image\" alt=\"\" \/>\n                                <div class=\"h-image__frame h-hide-lg h-hide-md h-hide-sm style-475-frameImage style-local-1067-c37-frameImage\"><\/div>\n                              <\/div>\n                            <\/div>\n                          <\/div>\n                        <\/div>\n                      <\/div>\n                    <\/div>\n                    <div class=\"h-column h-column-container d-flex h-col-lg-auto h-col-md-auto h-col-auto style-473-outer style-local-1067-c38-outer\">\n                      <div data-colibri-id=\"1067-c38\" class=\"d-flex h-flex-basis h-column__inner h-px-lg-0 h-px-md-0 h-px-0 v-inner-lg-0 v-inner-md-0 v-inner-0 style-473 style-local-1067-c38 position-relative\">\n                        <!---->\n                        <!---->\n                        <div class=\"w-100 h-y-container h-column__content h-column__v-align flex-basis-100 align-self-lg-start align-self-md-start align-self-start\">\n                          <!---->\n                          <div data-colibri-id=\"1067-c39\" class=\"h-text h-text-component style-474 style-local-1067-c39 position-relative h-element\">\n                            <!---->\n                            <!---->\n                            <div class=\"\">\n                              <p><strong style=\"font-family: Lato; font-size: 13px;\">Live-Interview &amp; Beitrag<\/strong><\/p>\n                              <p><span style=\"font-family: Lato; font-size: 13px;\">Das Portr\u00e4t einer Frau, das durchdrungen ist von einer tiefen Sehnsucht nach Frieden und uns gerade heute ein Vorbild sein kann.<\/span><\/p>\n                              <p><em style=\"font-family: Lato; font-size: 11px;\">(Alice Kremer, 22.02.2021)&nbsp;<\/em><\/p>\n                            <\/div>\n                          <\/div>\n                          <div data-colibri-id=\"1067-c40\" class=\"h-x-container style-477 style-local-1067-c40 position-relative h-element\">\n                            <!---->\n                            <div class=\"h-x-container-inner style-dynamic-1067-c40-group style-477-spacing style-local-1067-c40-spacing\"><span class=\"h-button__outer style-478-outer style-local-1067-c41-outer d-inline-flex h-element\"><a h-use-smooth-scroll=\"true\" href=\"https:\/\/www.boettcher-film.de\/wp-content\/uploads\/2023\/03\/belina_sr2.mp3\" target=\"_blank\"  data-colibri-id=\"1067-c41\" class=\"d-flex w-100 align-items-center h-button justify-content-lg-center justify-content-md-center justify-content-center style-478 style-local-1067-c41 position-relative\"><!----><span  class=\"h-svg-icon h-button__icon style-478-icon style-local-1067-c41-icon\"><!--Icon by Font Awesome (https:\/\/fontawesome.com)-->\n    <svg version=\"1.1\" xmlns=\"http:\/\/www.w3.org\/2000\/svg\" xmlns:xlink=\"http:\/\/www.w3.org\/1999\/xlink\" id=\"music\" viewBox=\"0 0 1536 1896.0833\">\n      <path d=\"M1536 224v1120q0 50-34 89t-86 60.5-103.5 32-96.5 10.5-96.5-10.5-103.5-32-86-60.5-34-89 34-89 86-60.5 103.5-32 96.5-10.5q105 0 192 39V654L640 891v709q0 50-34 89t-86 60.5-103.5 32T320 1792t-96.5-10.5-103.5-32-86-60.5-34-89 34-89 86-60.5 103.5-32T320 1408q105 0 192 39V480q0-31 19-56.5t49-35.5l832-256q12-4 28-4 40 0 68 28t28 68z\"><\/path>\n    <\/svg><\/span> <span>Beitrag anh\u00f6ren<\/span><\/a>\n                              <\/span>\n                            <\/div>\n                          <\/div>\n                        <\/div>\n                      <\/div>\n                    <\/div>\n                  <\/div>\n                <\/div>\n                <div data-colibri-id=\"1067-c42\" class=\"h-row-container gutters-row-lg-1 gutters-row-md-1 gutters-row-0 gutters-row-v-lg-1 gutters-row-v-md-1 gutters-row-v-1 style-467 style-local-1067-c42 position-relative\">\n                  <!---->\n                  <div class=\"h-row justify-content-lg-center justify-content-md-center justify-content-center align-items-lg-stretch align-items-md-stretch align-items-stretch gutters-col-lg-1 gutters-col-md-1 gutters-col-0 gutters-col-v-lg-1 gutters-col-v-md-1 gutters-col-v-1\">\n                    <!---->\n                    <div class=\"h-column h-column-container d-flex h-col-lg-auto h-col-md-auto h-col-auto style-468-outer style-local-1067-c43-outer\">\n                      <div data-colibri-id=\"1067-c43\" class=\"d-flex h-flex-basis h-column__inner h-px-lg-0 h-px-md-0 h-px-0 v-inner-lg-0 v-inner-md-0 v-inner-0 style-468 style-local-1067-c43 position-relative\">\n                        <!---->\n                        <!---->\n                        <div class=\"w-100 h-y-container h-column__content h-column__v-align flex-basis-100 align-self-lg-center align-self-md-center align-self-center\">\n                          <!---->\n                          <div data-colibri-id=\"1067-c44\" class=\"d-block style-476 style-local-1067-c44 position-relative h-element\">\n                            <!---->\n                            <div class=\"h-image__frame-container-outer\">\n                              <div class=\"h-image__frame-container\">\n                                <!---->\n                                <!---->\n                                <img loading=\"lazy\" decoding=\"async\" width=\"2000\" height=\"286\" src=\"https:\/\/www.boettcher-film.de\/wp-content\/uploads\/2022\/12\/Deutschlandradio_Logo_2017.svg_.png\" class=\"wp-image-890 style-476-image style-local-1067-c44-image\" alt=\"\" srcset=\"https:\/\/www.boettcher-film.de\/wp-content\/uploads\/2022\/12\/Deutschlandradio_Logo_2017.svg_.png 2000w, https:\/\/www.boettcher-film.de\/wp-content\/uploads\/2022\/12\/Deutschlandradio_Logo_2017.svg_-300x43.png 300w, https:\/\/www.boettcher-film.de\/wp-content\/uploads\/2022\/12\/Deutschlandradio_Logo_2017.svg_-1024x146.png 1024w, https:\/\/www.boettcher-film.de\/wp-content\/uploads\/2022\/12\/Deutschlandradio_Logo_2017.svg_-768x110.png 768w, https:\/\/www.boettcher-film.de\/wp-content\/uploads\/2022\/12\/Deutschlandradio_Logo_2017.svg_-1536x220.png 1536w\" sizes=\"auto, (max-width: 2000px) 100vw, 2000px\" \/>\n                                <div class=\"h-image__frame h-hide-lg h-hide-md h-hide-sm style-476-frameImage style-local-1067-c44-frameImage\"><\/div>\n                              <\/div>\n                            <\/div>\n                          <\/div>\n                        <\/div>\n                      <\/div>\n                    <\/div>\n                    <div class=\"h-column h-column-container d-flex h-col-lg-auto h-col-md-auto h-col-auto style-473-outer style-local-1067-c45-outer\">\n                      <div data-colibri-id=\"1067-c45\" class=\"d-flex h-flex-basis h-column__inner h-px-lg-0 h-px-md-0 h-px-0 v-inner-lg-0 v-inner-md-0 v-inner-0 style-473 style-local-1067-c45 position-relative\">\n                        <!---->\n                        <!---->\n                        <div class=\"w-100 h-y-container h-column__content h-column__v-align flex-basis-100 align-self-lg-start align-self-md-start align-self-start\">\n                          <!---->\n                          <div data-colibri-id=\"1067-c46\" class=\"h-text h-text-component style-474 style-local-1067-c46 position-relative h-element\">\n                            <!---->\n                            <!---->\n                            <div class=\"\">\n                              <p><strong style=\"font-size: 13px; font-family: Lato;\">Live-Interview &amp; Beitrag<\/strong><\/p>\n                              <p><span style=\"font-size: 13px; font-family: Lato;\">Tonart: Image-Botschafterin im Land der T\u00e4ter und europ\u00e4ische Joan Baez.<\/span><\/p>\n                              <p><em style=\"font-size: 11px; font-family: Lato;\">(Carsten Beyer, 26.02.2021)<\/em><\/p>\n                            <\/div>\n                          <\/div>\n                          <div data-colibri-id=\"1067-c47\" class=\"h-x-container style-479 style-local-1067-c47 position-relative h-element\">\n                            <!---->\n                            <div class=\"h-x-container-inner style-dynamic-1067-c47-group style-479-spacing style-local-1067-c47-spacing\"><span class=\"h-button__outer style-478-outer style-local-1067-c48-outer d-inline-flex h-element\"><a h-use-smooth-scroll=\"true\" href=\"https:\/\/www.deutschlandfunkkultur.de\/filmbiografie-der-saengerin-belina-image-botschafterin-fuer.2177.de.html?dram:article_id=493192\"  data-colibri-id=\"1067-c48\" class=\"d-flex w-100 align-items-center h-button justify-content-lg-center justify-content-md-center justify-content-center style-478 style-local-1067-c48 position-relative\"><!----><span  class=\"h-svg-icon h-button__icon style-478-icon style-local-1067-c48-icon\"><!--Icon by Font Awesome (https:\/\/fontawesome.com)-->\n    <svg version=\"1.1\" xmlns=\"http:\/\/www.w3.org\/2000\/svg\" xmlns:xlink=\"http:\/\/www.w3.org\/1999\/xlink\" id=\"star\" viewBox=\"0 0 1664 1896.0833\">\n      <path d=\"M1664 647q0 22-26 48l-363 354 86 500q1 7 1 20 0 21-10.5 35.5T1321 1619q-19 0-40-12l-449-236-449 236q-22 12-40 12-21 0-31.5-14.5T301 1569q0-6 2-20l86-500L25 695Q0 668 0 647q0-37 56-46l502-73L783 73q19-41 49-41t49 41l225 455 502 73q56 9 56 46z\"><\/path>\n    <\/svg><\/span> <span>Zum Beitrag<\/span><\/a>\n                              <\/span>\n                            <\/div>\n                          <\/div>\n                        <\/div>\n                      <\/div>\n                    <\/div>\n                  <\/div>\n                <\/div>\n                <div data-colibri-id=\"1067-c49\" class=\"h-row-container gutters-row-lg-1 gutters-row-md-1 gutters-row-0 gutters-row-v-lg-1 gutters-row-v-md-1 gutters-row-v-1 style-467 style-local-1067-c49 position-relative\">\n                  <!---->\n                  <div class=\"h-row justify-content-lg-center justify-content-md-center justify-content-center align-items-lg-stretch align-items-md-stretch align-items-stretch gutters-col-lg-1 gutters-col-md-1 gutters-col-0 gutters-col-v-lg-1 gutters-col-v-md-1 gutters-col-v-1\">\n                    <!---->\n                    <div class=\"h-column h-column-container d-flex h-col-lg-auto h-col-md-auto h-col-auto style-468-outer style-local-1067-c50-outer\">\n                      <div data-colibri-id=\"1067-c50\" class=\"d-flex h-flex-basis h-column__inner h-px-lg-0 h-px-md-0 h-px-0 v-inner-lg-0 v-inner-md-0 v-inner-0 style-468 style-local-1067-c50 position-relative\">\n                        <!---->\n                        <!---->\n                        <div class=\"w-100 h-y-container h-column__content h-column__v-align flex-basis-100 align-self-lg-center align-self-md-center align-self-center\">\n                          <!---->\n                          <div data-colibri-id=\"1067-c51\" class=\"d-block style-476 style-local-1067-c51 position-relative h-element\">\n                            <!---->\n                            <div class=\"h-image__frame-container-outer\">\n                              <div class=\"h-image__frame-container\">\n                                <!---->\n                                <!---->\n                                <img loading=\"lazy\" decoding=\"async\" width=\"800\" height=\"480\" src=\"https:\/\/www.boettcher-film.de\/wp-content\/uploads\/2022\/12\/RBB_Fernsehen_Logo2017_800x480.jpg\" class=\"wp-image-921 style-476-image style-local-1067-c51-image\" alt=\"\" srcset=\"https:\/\/www.boettcher-film.de\/wp-content\/uploads\/2022\/12\/RBB_Fernsehen_Logo2017_800x480.jpg 800w, https:\/\/www.boettcher-film.de\/wp-content\/uploads\/2022\/12\/RBB_Fernsehen_Logo2017_800x480-300x180.jpg 300w, https:\/\/www.boettcher-film.de\/wp-content\/uploads\/2022\/12\/RBB_Fernsehen_Logo2017_800x480-768x461.jpg 768w\" sizes=\"auto, (max-width: 800px) 100vw, 800px\" \/>\n                                <div class=\"h-image__frame h-hide-lg h-hide-md h-hide-sm style-476-frameImage style-local-1067-c51-frameImage\"><\/div>\n                              <\/div>\n                            <\/div>\n                          <\/div>\n                        <\/div>\n                      <\/div>\n                    <\/div>\n                    <div class=\"h-column h-column-container d-flex h-col-lg-auto h-col-md-auto h-col-auto style-473-outer style-local-1067-c52-outer\">\n                      <div data-colibri-id=\"1067-c52\" class=\"d-flex h-flex-basis h-column__inner h-px-lg-0 h-px-md-0 h-px-0 v-inner-lg-0 v-inner-md-0 v-inner-0 style-473 style-local-1067-c52 position-relative\">\n                        <!---->\n                        <!---->\n                        <div class=\"w-100 h-y-container h-column__content h-column__v-align flex-basis-100 align-self-lg-start align-self-md-start align-self-start\">\n                          <!---->\n                          <div data-colibri-id=\"1067-c53\" class=\"h-text h-text-component style-474 style-local-1067-c53 position-relative h-element\">\n                            <!---->\n                            <!---->\n                            <div class=\"\">\n                              <p><strong style=\"font-size: 13px; font-family: Lato;\">TV-Beitrag \u00fcber die Filmproduktion<\/strong><\/p>\n                              <p><span style=\"font-size: 13px; font-family: Lato;\">in der RBB-Reihe&nbsp;<\/span><span style=\"font-size: 14px; font-family: Lato;\">\u201e<\/span><span style=\"font-size: 13px; font-family: Lato;\">Kowalski &amp; Schmidt&#8220;<\/span><\/p>\n                              <p><em style=\"font-size: 11px; font-family: Lato;\">(Carsten Beyer, 08.02.2020 &#8211; 17:25 Uhr)<\/em><\/p>\n                            <\/div>\n                          <\/div>\n                          <div data-colibri-id=\"1067-c54\" class=\"h-x-container style-481 style-local-1067-c54 position-relative h-element\">\n                            <!---->\n                            <div class=\"h-x-container-inner style-dynamic-1067-c54-group style-481-spacing style-local-1067-c54-spacing\"><span class=\"h-button__outer style-478-outer style-local-1067-c55-outer d-inline-flex h-element\"><a h-use-smooth-scroll=\"true\" href=\"https:\/\/www.youtube.com\/watch?v=x2L2rtY3KRU&amp;t=44s\"  data-colibri-id=\"1067-c55\" class=\"d-flex w-100 align-items-center h-button justify-content-lg-center justify-content-md-center justify-content-center style-478 style-local-1067-c55 position-relative\"><!----><span  class=\"h-svg-icon h-button__icon style-478-icon style-local-1067-c55-icon\"><!--Icon by Font Awesome (https:\/\/fontawesome.com)-->\n    <svg version=\"1.1\" xmlns=\"http:\/\/www.w3.org\/2000\/svg\" xmlns:xlink=\"http:\/\/www.w3.org\/1999\/xlink\" id=\"star\" viewBox=\"0 0 1664 1896.0833\">\n      <path d=\"M1664 647q0 22-26 48l-363 354 86 500q1 7 1 20 0 21-10.5 35.5T1321 1619q-19 0-40-12l-449-236-449 236q-22 12-40 12-21 0-31.5-14.5T301 1569q0-6 2-20l86-500L25 695Q0 668 0 647q0-37 56-46l502-73L783 73q19-41 49-41t49 41l225 455 502 73q56 9 56 46z\"><\/path>\n    <\/svg><\/span> <span>Zum Beitrag<\/span><\/a>\n                              <\/span>\n                            <\/div>\n                          <\/div>\n                        <\/div>\n                      <\/div>\n                    <\/div>\n                  <\/div>\n                <\/div>\n              <\/div>\n            <\/div>\n          <\/div>\n          <div class=\"h-column h-column-container d-flex h-col-lg-auto h-col-md-auto h-col-auto style-433-outer style-local-1067-c56-outer\">\n            <div data-colibri-id=\"1067-c56\" class=\"d-flex h-flex-basis h-column__inner h-px-lg-1 h-px-md-1 h-px-1 v-inner-lg-1 v-inner-md-1 v-inner-1 style-433 style-local-1067-c56 position-relative\">\n              <!---->\n              <!---->\n              <div class=\"w-100 h-y-container h-column__content h-column__v-align flex-basis-100 align-self-lg-center align-self-md-center align-self-center\">\n                <!---->\n                <div data-colibri-id=\"1067-c57\" class=\"h-global-transition-all h-heading style-434 style-local-1067-c57 position-relative h-element\">\n                  <!---->\n                  <div class=\"h-heading__outer style-434 style-local-1067-c57\">\n                    <!---->\n                    <!---->\n                    <h3 class=\"\">TV und H\u00f6rfunk<\/h3>\n                  <\/div>\n                <\/div>\n              <\/div>\n            <\/div>\n          <\/div>\n        <\/div>\n      <\/div>\n    <\/div>\n  <\/div>\n<\/div>","protected":false},"excerpt":{"rendered":"<p>Belina \u2013 Music For Peace Belina (1925-2006) gilt mit ihrem folkloristischen Repertoire als Br\u00fcckenbauerin zwischen den V\u00f6lkern und Kulturen. Gemeinsam mit dem Berliner Gitarristen Siegfried Behrend&nbsp;(1933-1990) reiste die j\u00fcdisch-polnische K\u00fcnstlerin in den 1960er- Jahren als \u201emusikalische Diplomatin&#8220; rund um die Welt und sang in 17 Sprachen. Belina beschritt nach dem Krieg den Weg der Auss\u00f6hnung [&hellip;]<\/p>\n","protected":false},"author":1,"featured_media":0,"parent":0,"menu_order":0,"comment_status":"closed","ping_status":"closed","template":"page-templates\/full-width-page.php","meta":{"footnotes":""},"class_list":["post-1067","page","type-page","status-publish","hentry"],"_links":{"self":[{"href":"https:\/\/www.boettcher-film.de\/index.php?rest_route=\/wp\/v2\/pages\/1067","targetHints":{"allow":["GET"]}}],"collection":[{"href":"https:\/\/www.boettcher-film.de\/index.php?rest_route=\/wp\/v2\/pages"}],"about":[{"href":"https:\/\/www.boettcher-film.de\/index.php?rest_route=\/wp\/v2\/types\/page"}],"author":[{"embeddable":true,"href":"https:\/\/www.boettcher-film.de\/index.php?rest_route=\/wp\/v2\/users\/1"}],"replies":[{"embeddable":true,"href":"https:\/\/www.boettcher-film.de\/index.php?rest_route=%2Fwp%2Fv2%2Fcomments&post=1067"}],"version-history":[{"count":20,"href":"https:\/\/www.boettcher-film.de\/index.php?rest_route=\/wp\/v2\/pages\/1067\/revisions"}],"predecessor-version":[{"id":3732,"href":"https:\/\/www.boettcher-film.de\/index.php?rest_route=\/wp\/v2\/pages\/1067\/revisions\/3732"}],"wp:attachment":[{"href":"https:\/\/www.boettcher-film.de\/index.php?rest_route=%2Fwp%2Fv2%2Fmedia&parent=1067"}],"curies":[{"name":"wp","href":"https:\/\/api.w.org\/{rel}","templated":true}]}}