{"id":313,"date":"2022-12-27T12:57:13","date_gmt":"2022-12-27T11:57:13","guid":{"rendered":"https:\/\/update.boettcher-film.de\/?page_id=313"},"modified":"2023-02-25T15:35:42","modified_gmt":"2023-02-25T14:35:42","slug":"datenschutz","status":"publish","type":"page","link":"https:\/\/www.boettcher-film.de\/?page_id=313","title":{"rendered":"Datenschutz"},"content":{"rendered":"<div data-colibri-id=\"313-c1\" class=\"style-234 style-local-313-c1 position-relative\">\n  <!---->\n  <div data-colibri-component=\"section\" data-colibri-id=\"313-c2\" id=\"custom\" class=\"h-section h-section-global-spacing d-flex align-items-lg-center align-items-md-center align-items-center style-239 style-local-313-c2 position-relative\">\n    <!---->\n    <!---->\n    <div class=\"h-section-grid-container h-section-boxed-container\">\n      <!---->\n      <div data-colibri-id=\"313-c3\" class=\"h-row-container gutters-row-lg-2 gutters-row-md-2 gutters-row-0 gutters-row-v-lg-2 gutters-row-v-md-2 gutters-row-v-2 style-240 style-local-313-c3 position-relative\">\n        <!---->\n        <div class=\"h-row justify-content-lg-center justify-content-md-center justify-content-center align-items-lg-stretch align-items-md-stretch align-items-stretch gutters-col-lg-2 gutters-col-md-2 gutters-col-0 gutters-col-v-lg-2 gutters-col-v-md-2 gutters-col-v-2\">\n          <!---->\n          <div class=\"h-column h-column-container d-flex h-col-lg-auto h-col-md-auto h-col-auto style-241-outer style-local-313-c4-outer\">\n            <div data-colibri-id=\"313-c4\" class=\"d-flex h-flex-basis h-column__inner h-px-lg-2 h-px-md-2 h-px-2 v-inner-lg-2 v-inner-md-2 v-inner-2 style-241 style-local-313-c4 position-relative\">\n              <!---->\n              <!---->\n              <div class=\"w-100 h-y-container h-column__content h-column__v-align flex-basis-100 align-self-lg-start align-self-md-start align-self-start\">\n                <!---->\n                <div data-toggle=\"false\" data-is-preview=\"true\" data-colibri-component=\"accordion\" data-colibri-id=\"313-c6\" class=\"h-accordion style-938 style-local-313-c6 position-relative h-element\">\n                  <!---->\n                  <div data-colibri-id=\"313-c7\" class=\"h-accordion-item h-accordion-item-first-child style-939 style-local-313-c7 position-relative h-element\">\n                    <!---->\n                    <a data-open-by-default=\"true\" href=\"#313-c7\" class=\"h-accordion-item-title d-flex align-items-center h-global-transition\">\n                      <!----><span>Datenschutzerkl\u00e4rung<\/span>\n                      <div class=\"h-accordion-item-title-normal-icon h-accordion-item-title-icon h-accordion-item-title-icon-right\"><span class=\"h-svg-icon\"><!--Icon by Icons8 Line Awesome (https:\/\/icons8.com\/line-awesome)--><svg version=\"1.1\" xmlns=\"http:\/\/www.w3.org\/2000\/svg\" xmlns:xlink=\"http:\/\/www.w3.org\/1999\/xlink\" id=\"plus\" viewBox=\"0 0 512 545.5\"><path d=\"M240 112h32v160h160v32H272v160h-32V304H80v-32h160V112z\"><\/path><\/svg><\/span><\/div>\n                      <div class=\"h-accordion-item-title-active-icon h-accordion-item-title-icon h-accordion-item-title-icon-right\"><span class=\"h-svg-icon\"><!--Icon by Icons8 Line Awesome (https:\/\/icons8.com\/line-awesome)--><svg version=\"1.1\" xmlns=\"http:\/\/www.w3.org\/2000\/svg\" xmlns:xlink=\"http:\/\/www.w3.org\/1999\/xlink\" id=\"minus\" viewBox=\"0 0 512 545.5\"><path d=\"M80 272h352v32H80v-32z\"><\/path><\/svg><\/span><\/div>\n                    <\/a>\n                    <div id=\"313-c7\" class=\"h-accordion-item-content__container\">\n                      <div class=\"w-100 h-y-container h-accordion-item-content\">\n                        <!---->\n                        <div data-colibri-id=\"313-c8\" class=\"h-text h-text-component style-944 style-local-313-c8 position-relative h-element\">\n                          <!---->\n                          <!---->\n                          <div class=\"\">\n                            <p><span style=\"font-size: 14px; font-family: avenir-lt-w01_35-light1475496, sans-serif; color: rgb(255, 255, 255); font-weight: 400;\">Diese Datenschutzerkl\u00e4rung kl\u00e4rt Sie \u00fcber die Art, den Umfang und Zweck der Verarbeitung von personenbezogenen Daten (nachfolgend kurz \u201eDaten&#8220;) innerhalb unseres Onlineangebotes und der mit ihm verbundenen Webseiten, Funktionen und Inhalte sowie externen Onlinepr\u00e4senzen, wie z.B. unser Social Media Profile auf. (nachfolgend gemeinsam bezeichnet als \u201eOnlineangebot&#8220;). Im Hinblick auf die verwendeten Begrifflichkeiten, wie z.B. \u201eVerarbeitung&#8220; oder \u201eVerantwortlicher&#8220; verweisen wir auf die Definitionen im Art. 4 der Datenschutzgrundverordnung (DSGVO).<\/span><\/p>\n                          <\/div>\n                        <\/div>\n                      <\/div>\n                    <\/div>\n                  <\/div>\n                  <div data-colibri-id=\"313-c9\" class=\"h-accordion-item style-941 style-local-313-c9 position-relative h-element\">\n                    <!---->\n                    <a data-open-by-default=\"true\" href=\"#313-c9\" class=\"h-accordion-item-title d-flex align-items-center h-global-transition\">\n                      <!----><span>Kontakt:<\/span>\n                      <div class=\"h-accordion-item-title-normal-icon h-accordion-item-title-icon h-accordion-item-title-icon-right\"><span class=\"h-svg-icon\"><!--Icon by Icons8 Line Awesome (https:\/\/icons8.com\/line-awesome)--><svg version=\"1.1\" xmlns=\"http:\/\/www.w3.org\/2000\/svg\" xmlns:xlink=\"http:\/\/www.w3.org\/1999\/xlink\" id=\"plus\" viewBox=\"0 0 512 545.5\"><path d=\"M240 112h32v160h160v32H272v160h-32V304H80v-32h160V112z\"><\/path><\/svg><\/span><\/div>\n                      <div class=\"h-accordion-item-title-active-icon h-accordion-item-title-icon h-accordion-item-title-icon-right\"><span class=\"h-svg-icon\"><!--Icon by Icons8 Line Awesome (https:\/\/icons8.com\/line-awesome)--><svg version=\"1.1\" xmlns=\"http:\/\/www.w3.org\/2000\/svg\" xmlns:xlink=\"http:\/\/www.w3.org\/1999\/xlink\" id=\"minus\" viewBox=\"0 0 512 545.5\"><path d=\"M80 272h352v32H80v-32z\"><\/path><\/svg><\/span><\/div>\n                    <\/a>\n                    <div id=\"313-c9\" class=\"h-accordion-item-content__container\">\n                      <div class=\"w-100 h-y-container h-accordion-item-content\">\n                        <!---->\n                        <div data-colibri-id=\"313-c10\" class=\"h-text h-text-component style-944 style-local-313-c10 position-relative h-element\">\n                          <!---->\n                          <!---->\n                          <div class=\"\">\n                            <p><span style=\"font-family: Lato; font-size: 14px;\">Wenn Sie allgemeine Fragen zu den Diensten oder den von uns \u00fcber Sie erfassten Daten und deren Verwendung haben, kontaktieren Sie uns bitte unter:<\/span><\/p>\n                            <p><span style=\"font-family: Lato;\">&nbsp;<\/span><\/p>\n                            <p><span style=\"font-family: Lato; font-size: 14px;\">MB Film Marc Boettcher<\/span><\/p>\n                            <p><span style=\"font-family: Lato; font-size: 14px;\">Anschrift: G\u00fctergotzer Stra\u00dfe 59, 14165 Berlin<\/span><\/p>\n                            <p><span style=\"font-family: Lato; font-size: 14px;\">E-Mail-Adresse:&nbsp;<\/span>\n                              <a href=\"mailto:info@boettcher-film.de\" style=\"font-family: Lato; font-size: 14px; color: inherit;\" draggable=\"false\">info@boettcher-film.de<\/a>\n                            <\/p>\n                            <p><span style=\"font-family: Lato; font-size: 14px;\">Telefon: 030 80 11 425<\/span><\/p>\n                            <p><span style=\"font-family: Lato; font-size: 14px;\">Telefax: 030 80 11 425<\/span><\/p>\n                            <p><span style=\"font-family: Lato; font-size: 14px;\">Webseiten:&nbsp;<\/span>\n                              <a href=\"https:\/\/www.boettcher-film.de\" style=\"font-family: Lato; font-size: 14px; color: inherit;\" class=\"customize-unpreviewable\">https:\/\/www.boettcher-film.de<\/a>\n                              <a href=\"https:\/\/www.boettcher-film.de\" class=\"customize-unpreviewable\" style=\"font-family: Lato;\">&nbsp;<\/a>\n                            <\/p>\n                            <p>\n                              <a href=\"https:\/\/www.inge-brandenburg.de\" target=\"_blank\" class=\"customize-unpreviewable\" rel=\"noopener\">https:\/\/www.inge-brandenburg.de<\/a>\n                            <\/p>\n                            <p>\n                              <br>\n                            <\/p>\n                          <\/div>\n                        <\/div>\n                      <\/div>\n                    <\/div>\n                  <\/div>\n                  <div data-colibri-id=\"313-c11\" class=\"h-accordion-item style-943 style-local-313-c11 position-relative h-element\">\n                    <!---->\n                    <a data-open-by-default=\"false\" href=\"#313-c11\" class=\"h-accordion-item-title d-flex align-items-center h-global-transition\">\n                      <!----><span>weitere Punkte<\/span>\n                      <div class=\"h-accordion-item-title-normal-icon h-accordion-item-title-icon h-accordion-item-title-icon-right\"><span class=\"h-svg-icon\"><!--Icon by Icons8 Line Awesome (https:\/\/icons8.com\/line-awesome)--><svg version=\"1.1\" xmlns=\"http:\/\/www.w3.org\/2000\/svg\" xmlns:xlink=\"http:\/\/www.w3.org\/1999\/xlink\" id=\"plus\" viewBox=\"0 0 512 545.5\"><path d=\"M240 112h32v160h160v32H272v160h-32V304H80v-32h160V112z\"><\/path><\/svg><\/span><\/div>\n                      <div class=\"h-accordion-item-title-active-icon h-accordion-item-title-icon h-accordion-item-title-icon-right\"><span class=\"h-svg-icon\"><!--Icon by Icons8 Line Awesome (https:\/\/icons8.com\/line-awesome)--><svg version=\"1.1\" xmlns=\"http:\/\/www.w3.org\/2000\/svg\" xmlns:xlink=\"http:\/\/www.w3.org\/1999\/xlink\" id=\"minus\" viewBox=\"0 0 512 545.5\"><path d=\"M80 272h352v32H80v-32z\"><\/path><\/svg><\/span><\/div>\n                    <\/a>\n                    <div id=\"313-c11\" class=\"h-accordion-item-content__container\">\n                      <div class=\"w-100 h-y-container h-accordion-item-content\">\n                        <!---->\n                        <div data-colibri-id=\"313-c12\" class=\"h-text h-text-component style-944 style-local-313-c12 position-relative h-element\">\n                          <!---->\n                          <!---->\n                          <div class=\"\">\n                            <h2><span style=\"font-family: avenir-lt-w01_35-light1475496, sans-serif; font-size: 14px;\">Arten der verarbeiteten Daten:<\/span><\/h2>\n                            <p><span style=\"font-family: avenir-lt-w01_35-light1475496, sans-serif; font-size: 14px;\">&#8211; Bestandsdaten (z.B., Namen)<br>&#8211; Kontaktdaten (z.B., E-Mail, Telefonnummern)<br>&#8211; Inhaltsdaten (z.B., Texteingaben, Fotografien, Videos)<br>&#8211; Nutzungsdaten (z.B., besuchte Webseiten, Interesse an Inhalten, Zugriffszeiten)<br>&#8211; Meta-\/Kommunikationsdaten (z.B., Ger\u00e4te-Informationen, IP-Adressen)<\/span><\/p>\n                            <p>&nbsp;<\/p>\n                            <h2><span style=\"font-family: avenir-lt-w01_35-light1475496, sans-serif; font-size: 14px;\">Kategorien betroffener Personen<\/span><\/h2>\n                            <p><span style=\"font-family: avenir-lt-w01_35-light1475496, sans-serif; font-size: 14px;\">Besucher und Nutzer des Onlineangebotes (Nachfolgend bezeichnen wir die betroffenen Personen zusammenfassend auch als \u201eNutzer&#8220;).<\/span><\/p>\n                            <p><span style=\"font-family: avenir-lt-w01_35-light1475496, sans-serif; font-size: 14px;\">Zweck der Verarbeitung<\/span><\/p>\n                            <p><span style=\"font-family: avenir-lt-w01_35-light1475496, sans-serif; font-size: 14px;\">&#8211; Zurverf\u00fcgungstellung des Onlineangebotes, seiner Funktionen und Inhalte.<br>&#8211; Beantwortung von Kontaktanfragen und Kommunikation mit Nutzern.<br>&#8211; Sicherheitsma\u00dfnahmen.<br>&#8211; Reichweitenmessung\/Marketing<\/span><\/p>\n                            <p><span style=\"font-family: avenir-lt-w01_35-light1475496, sans-serif; font-size: 14px;\">\u200b<\/span><\/p>\n                            <h2><span style=\"font-family: avenir-lt-w01_35-light1475496, sans-serif; font-size: 14px;\">Verwendete Begrifflichkeiten&nbsp;<\/span><\/h2>\n                            <p><span style=\"font-family: avenir-lt-w01_35-light1475496, sans-serif; font-size: 14px;\">\u201ePersonenbezogene Daten&#8220; sind alle Informationen, die sich auf eine identifizierte oder identifizierbare nat\u00fcrliche Person (im Folgenden \u201ebetroffene Person&#8220;) beziehen; als identifizierbar wird eine nat\u00fcrliche Person angesehen, die direkt oder indirekt, insbesondere mittels Zuordnung zu einer Kennung wie einem Namen, zu einer Kennnummer, zu Standortdaten, zu einer Online-Kennung (z.B. Cookie) oder zu einem oder mehreren besonderen Merkmalen identifiziert werden kann, die Ausdruck der physischen, physiologischen, genetischen, psychischen, wirtschaftlichen, kulturellen oder sozialen Identit\u00e4t dieser nat\u00fcrlichen Person sind.<br><br>\u201eVerarbeitung&#8220; ist jeder mit oder ohne Hilfe automatisierter Verfahren ausgef\u00fchrter Vorgang oder jede solche Vorgangsreihe im Zusammenhang mit personenbezogenen Daten.&nbsp;<br><br>Als \u201eVerantwortlicher&#8220; wird die nat\u00fcrliche oder juristische Person, Beh\u00f6rde, Einrichtung oder andere Stelle, die allein oder gemeinsam mit anderen \u00fcber die Zwecke und Mittel der Verarbeitung von personenbezogenen Daten entscheidet, bezeichnet.<\/span><\/p>\n                            <p><span style=\"font-family: avenir-lt-w01_35-light1475496, sans-serif; font-size: 14px;\">\u200b<\/span><\/p>\n                            <h2><span style=\"font-family: avenir-lt-w01_35-light1475496, sans-serif; font-size: 14px;\">Ma\u00dfgebliche Rechtsgrundlagen<\/span><\/h2>\n                            <p><span style=\"font-family: avenir-lt-w01_35-light1475496, sans-serif; font-size: 14px;\">Nach Ma\u00dfgabe des Art. 13 DSGVO teilen wir Ihnen die Rechtsgrundlagen unserer Datenverarbeitungen mit. Sofern die Rechtsgrundlage in der Datenschutzerkl\u00e4rung nicht genannt wird, gilt Folgendes:<\/span><\/p>\n                            <p><span style=\"font-family: avenir-lt-w01_35-light1475496, sans-serif; font-size: 14px;\">Die Rechtsgrundlage f\u00fcr die Einholung von Einwilligungen ist Art. 6 Abs. 1 lit. a und Art. 7 DSGVO, die Rechtsgrundlage f\u00fcr die Verarbeitung zur Erf\u00fcllung unserer Leistungen und Durchf\u00fchrung vertraglicher Ma\u00dfnahmen sowie Beantwortung von Anfragen ist Art. 6 Abs. 1 lit. b DSGVO, die Rechtsgrundlage f\u00fcr die Verarbeitung zur Erf\u00fcllung unserer rechtlichen Verpflichtungen ist Art. 6 Abs. 1 lit. c DSGVO, und die Rechtsgrundlage f\u00fcr die Verarbeitung zur Wahrung unserer berechtigten Interessen ist Art. 6 Abs. 1 lit. f DSGVO.&nbsp;<\/span><\/p>\n                            <p>&nbsp;<\/p>\n                            <h2><span style=\"font-family: avenir-lt-w01_35-light1475496, sans-serif; font-size: 14px;\">Zusammenarbeit mit Auftragsverarbeitern und Dritten<\/span><\/h2>\n                            <p><span style=\"font-family: avenir-lt-w01_35-light1475496, sans-serif; font-size: 14px;\">Sofern wir im Rahmen unserer Verarbeitung Daten gegen\u00fcber anderen Personen und Unternehmen (Auftragsverarbeitern oder Dritten) offenbaren, sie an diese \u00fcbermitteln oder ihnen sonst Zugriff auf die Daten gew\u00e4hren, erfolgt dies nur:<\/span><\/p>\n                            <ul>\n                              <li><span style=\"font-family: avenir-lt-w01_35-light1475496, sans-serif; font-size: 14px;\">auf Grundlage einer gesetzlichen Erlaubnis (z.B. wenn eine \u00dcbermittlung der Daten an Dritte, wie an Zahlungsdienstleister, gem. Art. 6 Abs. 1 lit. b DSGVO zur Vertragserf\u00fcllung erforderlich ist),<\/span><\/li>\n                              <li><span style=\"font-family: avenir-lt-w01_35-light1475496, sans-serif; font-size: 14px;\">wenn Sie eingewilligt haben<\/span><\/li>\n                              <li><span style=\"font-family: avenir-lt-w01_35-light1475496, sans-serif; font-size: 14px;\">eine rechtliche Verpflichtung dies vorsieht<\/span><\/li>\n                              <li><span style=\"font-family: avenir-lt-w01_35-light1475496, sans-serif; font-size: 14px;\">oder auf Grundlage unserer berechtigten Interessen (z.B. beim Einsatz von Beauftragten, Webhostern, etc.).<\/span><\/li>\n                            <\/ul>\n                            <p>S<span style=\"font-family: avenir-lt-w01_35-light1475496, sans-serif; font-size: 14px;\">ofern wir Dritte mit der Verarbeitung von Daten auf Grundlage eines sog. \u201eAuftragsverarbeitungsvertrages&#8220; beauftragen, geschieht dies auf Grundlage des Art. 28 DSGVO.<\/span><\/p>\n                            <p>\n                              <br>\n                            <\/p>\n                            <p><span style=\"font-family: avenir-lt-w01_35-light1475496, sans-serif; font-size: 14px;\">\u200b<\/span><\/p>\n                            <h2><span style=\"font-family: avenir-lt-w01_35-light1475496, sans-serif; font-size: 14px;\">\u00dcbermittlungen in Drittl\u00e4nder<\/span><\/h2>\n                            <p><span style=\"font-family: avenir-lt-w01_35-light1475496, sans-serif; font-size: 14px;\">Sofern wir Daten in einem Drittland (d.h. au\u00dferhalb der Europ\u00e4ischen Union (EU) oder des Europ\u00e4ischen Wirtschaftsraums (EWR)) verarbeiten oder dies im Rahmen der Inanspruchnahme von Diensten Dritter oder Offenlegung, bzw. \u00dcbermittlung von Daten an Dritte geschieht, erfolgt dies nur, wenn es zur Erf\u00fcllung unserer (vor)vertraglichen Pflichten, auf Grundlage Ihrer Einwilligung, aufgrund einer rechtlichen Verpflichtung oder auf Grundlage unserer berechtigten Interessen geschieht. Vorbehaltlich gesetzlicher oder vertraglicher Erlaubnisse, verarbeiten oder lassen wir die Daten in einem Drittland nur beim Vorliegen der besonderen Voraussetzungen der Art. 44 ff. DSGVO verarbeiten. D.h. die Verarbeitung erfolgt z.B. auf Grundlage besonderer Garantien, wie der offiziell anerkannten Feststellung eines der EU entsprechenden Datenschutzniveaus (z.B. f\u00fcr die USA durch das \u201ePrivacy Shield&#8220;) oder Beachtung offiziell anerkannter spezieller vertraglicher Verpflichtungen (so genannte \u201eStandardvertragsklauseln&#8220;).<\/span><\/p>\n                            <p><span style=\"font-family: avenir-lt-w01_35-light1475496, sans-serif; font-size: 14px;\">\u200b<\/span><\/p>\n                            <h2><span style=\"font-family: avenir-lt-w01_35-light1475496, sans-serif; font-size: 14px;\">Rechte der betroffenen Personen<\/span><\/h2>\n                            <p><span style=\"font-family: avenir-lt-w01_35-light1475496, sans-serif; font-size: 14px;\">Sie haben das Recht, eine Best\u00e4tigung dar\u00fcber zu verlangen, ob betreffende Daten verarbeitet werden und auf Auskunft \u00fcber diese Daten sowie auf weitere Informationen und Kopie der Daten entsprechend Art. 15 DSGVO.<br><br>Sie haben entsprechend. Art. 16 DSGVO das Recht, die Vervollst\u00e4ndigung der Sie betreffenden Daten oder die Berichtigung der Sie betreffenden unrichtigen Daten zu verlangen.<br><br>Sie haben nach Ma\u00dfgabe des Art. 17 DSGVO das Recht zu verlangen, dass betreffende Daten unverz\u00fcglich gel\u00f6scht werden, bzw. alternativ nach Ma\u00dfgabe des Art. 18 DSGVO eine Einschr\u00e4nkung der Verarbeitung der Daten zu verlangen.<br><br>Sie haben das Recht zu verlangen, dass die Sie betreffenden Daten, die Sie uns bereitgestellt haben nach Ma\u00dfgabe des Art. 20 DSGVO zu erhalten und deren \u00dcbermittlung an andere Verantwortliche zu fordern.<br><br>Sie haben ferner gem. Art. 77 DSGVO das Recht, eine Beschwerde bei der zust\u00e4ndigen Aufsichtsbeh\u00f6rde einzureichen.<\/span><\/p>\n                            <p><span style=\"font-family: avenir-lt-w01_35-light1475496, sans-serif; font-size: 14px;\">\u200b<\/span><\/p>\n                            <h2><span style=\"font-family: avenir-lt-w01_35-light1475496, sans-serif; font-size: 14px;\">Widerrufsrecht<\/span><\/h2>\n                            <p><span style=\"font-family: avenir-lt-w01_35-light1475496, sans-serif; font-size: 14px;\">Sie haben das Recht, erteilte Einwilligungen gem. Art. 7 Abs. 3 DSGVO mit Wirkung f\u00fcr die Zukunft zu widerrufen<\/span><\/p>\n                            <p><span style=\"font-family: avenir-lt-w01_35-light1475496, sans-serif; font-size: 14px;\">\u200b<\/span><\/p>\n                            <h2><span style=\"font-family: avenir-lt-w01_35-light1475496, sans-serif; font-size: 14px;\">Widerspruchsrecht<\/span><\/h2>\n                            <p><span style=\"font-family: avenir-lt-w01_35-light1475496, sans-serif; font-size: 14px;\">Sie k\u00f6nnen der k\u00fcnftigen Verarbeitung der Sie betreffenden Daten nach Ma\u00dfgabe des Art. 21 DSGVO jederzeit widersprechen. Der Widerspruch kann insbesondere gegen die Verarbeitung f\u00fcr Zwecke der Direktwerbung erfolgen.<\/span><\/p>\n                            <p><span style=\"font-family: avenir-lt-w01_35-light1475496, sans-serif; font-size: 14px;\">\u200b<\/span><\/p>\n                            <h2><span style=\"font-family: avenir-lt-w01_35-light1475496, sans-serif; font-size: 14px;\">L\u00f6schung von Daten<\/span><\/h2>\n                            <p><span style=\"font-family: avenir-lt-w01_35-light1475496, sans-serif; font-size: 14px;\">Die von uns verarbeiteten Daten werden nach Ma\u00dfgabe der Art. 17 und 18 DSGVO gel\u00f6scht oder in ihrer Verarbeitung eingeschr\u00e4nkt. Sofern nicht im Rahmen dieser Datenschutzerkl\u00e4rung ausdr\u00fccklich angegeben, werden die bei uns gespeicherten Daten gel\u00f6scht, sobald sie f\u00fcr ihre Zweckbestimmung nicht mehr erforderlich sind und der L\u00f6schung keine gesetzlichen Aufbewahrungspflichten entgegenstehen. Sofern die Daten nicht gel\u00f6scht werden, weil sie f\u00fcr andere und gesetzlich zul\u00e4ssige Zwecke erforderlich sind, wird deren Verarbeitung eingeschr\u00e4nkt. D.h. die Daten werden gesperrt und nicht f\u00fcr andere Zwecke verarbeitet. Das gilt z.B. f\u00fcr Daten, die aus handels- oder steuerrechtlichen Gr\u00fcnden aufbewahrt werden m\u00fcssen.<br><br>Nach gesetzlichen Vorgaben in Deutschland erfolgt die Aufbewahrung insbesondere f\u00fcr 6 Jahre gem\u00e4\u00df \u00a7 257 Abs. 1 HGB (Handelsb\u00fccher, Inventare, Er\u00f6ffnungsbilanzen, Jahresabschl\u00fcsse, Handelsbriefe, Buchungsbelege, etc.) sowie f\u00fcr 10 Jahre gem\u00e4\u00df \u00a7 147 Abs. 1 AO (B\u00fccher, Aufzeichnungen, Lageberichte, Buchungsbelege, Handels- und Gesch\u00e4ftsbriefe, F\u00fcr Besteuerung relevante Unterlagen, etc.).<br><br>Nach gesetzlichen Vorgaben in \u00d6sterreich erfolgt die Aufbewahrung insbesondere f\u00fcr 7 J gem\u00e4\u00df \u00a7 132 Abs. 1 BAO (Buchhaltungsunterlagen, Belege\/Rechnungen, Konten, Belege, Gesch\u00e4ftspapiere, Aufstellung der Einnahmen und Ausgaben, etc.), f\u00fcr 22 Jahre im Zusammenhang mit Grundst\u00fccken und f\u00fcr 10 Jahre bei Unterlagen im Zusammenhang mit elektronisch erbrachten Leistungen, Telekommunikations-, Rundfunk- und Fernsehleistungen, die an Nichtunternehmer in EU-Mitgliedstaaten erbracht werden und f\u00fcr die der Mini-One-Stop-Shop (MOSS) in Anspruch genommen wird.<\/span><\/p>\n                            <p>&nbsp;<\/p>\n                            <p><span style=\"font-family: avenir-lt-w01_35-light1475496, sans-serif; font-size: 14px;\">\u200b<\/span><\/p>\n                            <h2><span style=\"font-family: avenir-lt-w01_35-light1475496, sans-serif; font-size: 14px;\">Hosting<\/span><\/h2>\n                            <p><span style=\"font-family: avenir-lt-w01_35-light1475496, sans-serif; font-size: 14px;\">Die von uns in Anspruch genommenen Hosting-Leistungen dienen der Zurverf\u00fcgungstellung der folgenden Leistungen: Infrastruktur- und Plattformdienstleistungen, Rechenkapazit\u00e4t, Speicherplatz und Datenbankdienste, Sicherheitsleistungen sowie technische Wartungsleistungen, die wir zum Zwecke des Betriebs dieses Onlineangebotes einsetzen.<br><br>Hierbei verarbeiten wir, bzw. unser Hostinganbieter Bestandsdaten, Kontaktdaten, Inhaltsdaten, Vertragsdaten, Nutzungsdaten, Meta- und Kommunikationsdaten von Kunden, Interessenten und Besuchern dieses Onlineangebotes auf Grundlage unserer berechtigten Interessen an einer effizienten und sicheren Zurverf\u00fcgungstellung dieses Onlineangebotes gem. Art. 6 Abs. 1 lit. f DSGVO i.V.m. Art. 28 DSGVO (Abschluss Auftragsverarbeitungsvertrag).<\/span><\/p>\n                            <p><span style=\"font-family: avenir-lt-w01_35-light1475496, sans-serif; font-size: 14px;\">\u200b<\/span><\/p>\n                            <p><span style=\"font-family: avenir-lt-w01_35-light1475496, sans-serif; font-size: 14px;\">Unser Hostinganbieter verarbeitet die erhobenen Daten wie folgt:<\/span><\/p>\n                            <p>&nbsp;<\/p>\n                            <p><span style=\"font-family: avenir-lt-w01_35-light1475496, sans-serif; font-size: 14px;\">Wir k\u00f6nnen Ihre personenbezogenen Daten an Dienstleister und Dritte weitergeben (oder Ihnen anderweitig Zugriff darauf erm\u00f6glichen), jedoch nur auf folgende Weise und in folgenden F\u00e4llen an:<\/span><\/p>\n                            <p><span style=\"font-family: avenir-lt-w01_35-light1475496, sans-serif; font-size: 14px;\">Drittanbieter: Wix arbeitet mit einer Reihe von ausgew\u00e4hlten Dienstleistern zusammen, deren Dienste und L\u00f6sungen unsere erg\u00e4nzen, erleichtern und verbessern. Dazu geh\u00f6ren Hosting- und Server-Co-Location-Dienste, Kommunikations- und Content-Delivery-Networks (CDNs), Daten- und Cyber-Sicherheitsdienste, Rechnungsstellung- und Zahlungsabwicklungsdienste, Verantwortliche f\u00fcr die Registrierung von Domainnamen, Betrugserkennungs- und -pr\u00e4ventionsdienstleister, Web-Analysten, E-Mail-Verteilungs- und -\u00fcberwachungsdienste, Dienste f\u00fcr Sitzungsaufzeichnungen, Fernzugriff und Leistungsmessung, Datenoptimierungs- und Marketing-Dienste, Inhaltsanbieter sowie unsere Rechts- und Finanzberater (zusammen: \u201eDrittanbieter\u201c).&nbsp;<\/span><\/p>\n                            <p><span style=\"font-family: avenir-lt-w01_35-light1475496, sans-serif; font-size: 14px;\">\u200b<\/span><\/p>\n                            <h2><span style=\"font-family: avenir-lt-w01_35-light1475496, sans-serif; font-size: 14px;\">Wo speichert der Hostingpartner die Daten:<\/span><\/h2>\n                            <p><span style=\"font-family: avenir-lt-w01_35-light1475496, sans-serif; font-size: 14px;\">Die personenbezogenen Daten unserer Nutzer und der Nutzer von Nutzern werden in Deutschland gespeichert.<\/span><\/p>\n                            <p><span style=\"font-family: avenir-lt-w01_35-light1475496, sans-serif; font-size: 14px;\">\u200b<\/span><\/p>\n                            <h2><span style=\"font-family: avenir-lt-w01_35-light1475496, sans-serif; font-size: 14px;\">Erhebung von Zugriffsdaten und Logfiles<\/span><\/h2>\n                            <p><span style=\"font-family: avenir-lt-w01_35-light1475496, sans-serif; font-size: 14px;\">Wir, bzw. unser Hostinganbieter, erhebt auf Grundlage unserer berechtigten Interessen im Sinne des Art. 6 Abs. 1 lit. f. DSGVO Daten \u00fcber jeden Zugriff auf den Server, auf dem sich dieser Dienst befindet (sogenannte Serverlogfiles). Zu den Zugriffsdaten geh\u00f6ren Name der abgerufenen Webseite, Datei, Datum und Uhrzeit des Abrufs, \u00fcbertragene Datenmenge, Meldung \u00fcber erfolgreichen Abruf, Browsertyp nebst Version, das Betriebssystem des Nutzers, Referrer URL (die zuvor besuchte Seite), IP-Adresse und der anfragende Provider.<\/span>\n                              <br>&nbsp;<\/p>\n                            <h2><span style=\"font-family: avenir-lt-w01_35-light1475496, sans-serif; font-size: 14px;\">Warum erfassen wir diese Daten?<\/span><\/h2>\n                            <p><span style=\"font-family: avenir-lt-w01_35-light1475496, sans-serif; font-size: 14px;\">Wir k\u00f6nnen Ihre Daten f\u00fcr folgende Zwecke verwenden:<\/span><\/p>\n                            <p>&nbsp;<\/p>\n                            <ul>\n                              <li><span style=\"font-family: avenir-lt-w01_35-light1475496, sans-serif; font-size: 14px;\">um unsere Dienste zur Verf\u00fcgung zu stellen und zu betreiben;<\/span><\/li>\n                              <li><span style=\"font-family: avenir-lt-w01_35-light1475496, sans-serif; font-size: 14px;\">um unsere Dienste zu entwickeln, anzupassen und zu verbessern;<\/span><\/li>\n                              <li><span style=\"font-family: avenir-lt-w01_35-light1475496, sans-serif; font-size: 14px;\">um auf Ihr Feedback, Ihre Anfragen und W\u00fcnsche zu reagieren und Hilfe anzubieten;<\/span><\/li>\n                              <li><span style=\"font-family: avenir-lt-w01_35-light1475496, sans-serif; font-size: 14px;\">um Anforderungs- und Nutzungsmuster zu analysieren;<\/span><\/li>\n                              <li><span style=\"font-family: avenir-lt-w01_35-light1475496, sans-serif; font-size: 14px;\">f\u00fcr sonstige interne, statistische und Recherchezwecke;<\/span><\/li>\n                              <li><span style=\"font-family: avenir-lt-w01_35-light1475496, sans-serif; font-size: 14px;\">um unsere M\u00f6glichkeiten zur Datensicherheit und Betrugspr\u00e4vention verbessern zu k\u00f6nnen;<\/span><\/li>\n                              <li><span style=\"font-family: avenir-lt-w01_35-light1475496, sans-serif; font-size: 14px;\">um Verst\u00f6\u00dfe zu untersuchen und unsere Bedingungen und Richtlinien durchzusetzen sowie um dem anwendbaren Recht, den Vorschriften bzw. beh\u00f6rdlichen Anordnungen zu entsprechen;<\/span><\/li>\n                              <li><span style=\"font-family: avenir-lt-w01_35-light1475496, sans-serif; font-size: 14px;\">um Ihnen Aktualisierungen, Nachrichten, Werbematerial und sonstige Informationen im Zusammenhang mit unseren Diensten zu \u00fcbermitteln. Bei Werbe-E-Mails k\u00f6nnen Sie selbst entscheiden, ob Sie diese weiterhin erhalten m\u00f6chten. Wenn nicht, klicken Sie einfach auf den Abmeldelink in diesen E-Mails.<\/span><\/li>\n                            <\/ul>\n                            <h2>&nbsp;<\/h2>\n                            <h2><span style=\"font-family: avenir-lt-w01_35-light1475496, sans-serif; font-size: 14px;\">An wen geben wir diese Daten weiter?<\/span><\/h2>\n                            <p><span style=\"font-family: avenir-lt-w01_35-light1475496, sans-serif; font-size: 14px;\">Wir k\u00f6nnen Ihre Daten an unsere Dienstleister weitergeben, um unsere Dienste zu betreiben (z. B. Speicherung von Daten \u00fcber Hosting-Dienste Dritter, Bereitstellung technischer Unterst\u00fctzung usw.).<\/span><\/p>\n                            <p>&nbsp;<\/p>\n                            <p><span style=\"font-family: avenir-lt-w01_35-light1475496, sans-serif; font-size: 14px;\">Wir k\u00f6nnen Ihre Daten auch unter folgenden Umst\u00e4nden offenlegen: (i) um rechtswidrige Aktivit\u00e4ten oder sonstiges Fehlverhalten zu untersuchen, aufzudecken, zu verhindern oder dagegen vorzugehen; (ii) um unsere Rechte auf Verteidigung zu begr\u00fcnden oder auszu\u00fcben; (iii) um unsere Rechte, unser Eigentum oder unsere pers\u00f6nliche Sicherheit sowie die Sicherheit unserer Nutzer oder der \u00d6ffentlichkeit zu sch\u00fctzen; (iv) im Falle eines Kontrollwechsels bei uns oder bei einem unserer verbundenen Unternehmen (im Wege einer Verschmelzung, des Erwerbs oder Kaufs (im Wesentlichen) aller Verm\u00f6genswerte u. a.); (v) um Ihre Daten mittels befugter Drittanbieter zu erfassen, vorzuhalten und\/oder zu verwalten (z. B. Cloud-Service-Anbieter), soweit dies f\u00fcr gesch\u00e4ftliche Zwecke angemessen ist; (vi) um mit Drittanbietern gemeinsam an der Verbesserung Ihres Nutzererlebnisses zu arbeiten. Zur Vermeidung von Missverst\u00e4ndnissen m\u00f6chten wir darauf hinweisen, dass wir nicht personenbezogene Daten nach eigenem Ermessen an Dritte \u00fcbermitteln bzw. weitergeben oder anderweitig verwenden k\u00f6nnen.<\/span><\/p>\n                            <p><span style=\"font-family: avenir-lt-w01_35-light1475496, sans-serif; font-size: 14px;\">\u200b<\/span><\/p>\n                            <p><span style=\"font-family: avenir-lt-w01_35-light1475496, sans-serif; font-size: 14px;\">Bitte beachten Sie, dass unsere Dienste soziale Interaktionen (z. B. Inhalte, Informationen und Kommentare \u00f6ffentlich posten und mit anderen Nutzern chatten) erm\u00f6glichen. Wir weisen Sie darauf hin, dass alle Inhalte oder Daten, die Sie in diesen Bereichen zur Verf\u00fcgung stellen, von anderen Personen gelesen, erfasst und verwendet werden k\u00f6nnen. Wir raten davon ab, Informationen zu posten oder mit anderen zu teilen, die Sie nicht \u00f6ffentlich machen wollen. Wenn Sie Inhalte auf unseren digitalen Assets hochladen oder anderweitig im Rahmen der Nutzung eines Dienstes zur Verf\u00fcgung stellen, erfolgt dies auf eigenes Risiko. Wir k\u00f6nnen nicht die Aktionen anderer Nutzer oder Mitglieder der \u00d6ffentlichkeit mit Zugriff auf Ihre Daten oder Inhalte kontrollieren. Sie nehmen zur Kenntnis und best\u00e4tigen hiermit, dass Kopien Ihrer Daten selbst nach deren L\u00f6schung auf zwischengespeicherten und archivierten Seiten oder nach der Erstellung einer Kopie\/Speicherung Ihrer Inhalte durch Dritte abrufbar bleiben k\u00f6nnen.<\/span><\/p>\n                            <p><span style=\"font-family: avenir-lt-w01_35-light1475496, sans-serif; font-size: 14px;\">\u200b<\/span><\/p>\n                            <h2><span style=\"font-family: avenir-lt-w01_35-light1475496, sans-serif; font-size: 14px;\">Cookies und \u00e4hnliche Technologien<\/span><\/h2>\n                            <p><span style=\"font-family: avenir-lt-w01_35-light1475496, sans-serif; font-size: 14px;\">Wenn Sie unsere Dienste besuchen oder darauf zugreifen, autorisieren wir Dritte dazu, Webbeacons, Cookies, Pixel Tags, Skripte sowie andere Technologien und Analysedienste (\u201eTracking-Technologien\u201c) einzusetzen. Diese Tracking-Technologien k\u00f6nnen es Dritten erm\u00f6glichen, Ihre Daten automatisch zu erfassen, um das Navigationserlebnis auf unseren digitalen Assets zu verbessern, deren Performance zu optimieren und ein ma\u00dfgeschneidertes Nutzererlebnis zu gew\u00e4hrleisten, sowie zu Zwecken der Sicherheit und der Betrugspr\u00e4vention.<\/span><\/p>\n                            <p>&nbsp;<\/p>\n                            <p><span style=\"font-family: avenir-lt-w01_35-light1475496, sans-serif; font-size: 14px;\">Um mehr dar\u00fcber zu erfahren, lesen Sie bitte unsere Cookie-Richtlinie.<\/span><\/p>\n                            <p><span style=\"font-family: avenir-lt-w01_35-light1475496, sans-serif; font-size: 14px;\">\u200b<\/span><\/p>\n                            <h2><span style=\"font-family: avenir-lt-w01_35-light1475496, sans-serif; font-size: 14px;\">Kategorie: Der Nutzer ist NICHT mit einem Werbedienst verbunden<\/span><\/h2>\n                            <p><span style=\"font-family: avenir-lt-w01_35-light1475496, sans-serif; font-size: 14px;\">Ohne Ihre Zustimmung werden wir Ihre E-Mail-Adresse oder andere personenbezogenen Daten nicht an Werbeunternehmen oder Werbenetzwerke weitergeben.<\/span><\/p>\n                            <p><span style=\"font-family: avenir-lt-w01_35-light1475496, sans-serif; font-size: 14px;\">Wir k\u00f6nnen \u00fcber unsere Dienste und unsere digitalen Assets (einschlie\u00dflich Websites und Anwendungen, die unsere Dienste einsetzen) Werbung bereitstellen, die auch auf Sie zugeschnitten sein kann, z. B. Anzeigen, die auf Ihrem j\u00fcngsten Surfverhalten auf Websites, Ger\u00e4ten oder Browsern basieren.<\/span><\/p>\n                            <p>&nbsp;<\/p>\n                            <p><span style=\"font-family: avenir-lt-w01_35-light1475496, sans-serif; font-size: 14px;\">Um diese Werbeanzeigen f\u00fcr Sie bereitzustellen, k\u00f6nnen wir Cookies und\/oder JavaScript und\/oder Webbeacons (einschlie\u00dflich durchsichtiger GIFs) und\/oder HTML5 Local Storage und\/oder andere Technologien einsetzen. Wir k\u00f6nnen auch Dritte einsetzen, wie z. B. Netzwerkinserenten (d. h. Dritte, die Werbeanzeigen auf der Grundlage Ihrer Website-Besuche einblenden), um gezielte Anzeigen zu schalten. Externe Anbieter von Werbenetzwerken, Werbetreibende, Sponsoren und\/oder Dienste zur Messung des Website-Traffics k\u00f6nnen ebenfalls Cookies und\/oder JavaScript und\/oder Webbeacons (einschlie\u00dflich durchsichtiger GIFs) und\/oder andere Technologien verwenden, um die Wirksamkeit ihrer Anzeigen zu messen und Werbeinhalte f\u00fcr Sie anzupassen. Diese Drittanbieter-Cookies und andere Technologien unterliegen der spezifischen Datenschutzrichtlinie des jeweiligen Drittanbieters und nicht dieser hier.<\/span><\/p>\n                            <h3><span style=\"font-family: avenir-lt-w01_35-light1475496, sans-serif; font-size: 14px;\">\u200b<\/span><\/h3>\n                            <h2><span style=\"font-family: avenir-lt-w01_35-light1475496, sans-serif; font-size: 14px;\">Wie sch\u00fctzen wir die Daten?<\/span><\/h2>\n                            <p><span style=\"font-family: avenir-lt-w01_35-light1475496, sans-serif; font-size: 14px;\">Der Hosting-Dienst f\u00fcr unserer digitalen Assets stellt uns die Online-Plattform zu Verf\u00fcgung, \u00fcber die wir Ihnen unsere Dienste anbieten k\u00f6nnen. Ihre Daten k\u00f6nnen \u00fcber die Datenspeicherung, Datenbanken und allgemeine Anwendungen unseres Hosting-Anbieters gespeichert werden. Er speichert Ihre Daten auf sicheren Servern hinter einer Firewall und er bietet sicheren HTTPS-Zugriff auf die meisten Bereiche seiner Dienste.<\/span><\/p>\n                            <h4><span style=\"font-family: avenir-lt-w01_35-light1475496, sans-serif; font-size: 14px;\">\u200b<\/span><\/h4>\n                            <p><span style=\"font-family: avenir-lt-w01_35-light1475496, sans-serif; font-size: 14px;\">Ungeachtet der von uns und unserem Hosting-Anbieter ergriffenen Ma\u00dfnahmen und Bem\u00fchungen k\u00f6nnen und werden wir keinen absoluten Schutz und keine absolute Sicherheit der Daten garantieren, die Sie hochladen, ver\u00f6ffentlichen oder anderweitig an uns oder andere weitergeben.<\/span><\/p>\n                            <p><span style=\"font-family: avenir-lt-w01_35-light1475496, sans-serif; font-size: 14px;\">Aus diesem Grund m\u00f6chten wir Sie bitten, sichere Passw\u00f6rter festzulegen und uns oder anderen nach M\u00f6glichkeit keine vertraulichen Informationen zu \u00fcbermitteln, deren Offenlegung Ihnen Ihrer Meinung nach erheblich bzw. nachhaltig schaden k\u00f6nnte. Da E-Mail und Instant Messaging nicht als sichere Kommunikationsformen gelten, bitten wir Sie au\u00dferdem, keine vertraulichen Informationen \u00fcber einen dieser Kommunikationskan\u00e4le weiterzugeben.<\/span><\/p>\n                            <p><span style=\"font-family: avenir-lt-w01_35-light1475496, sans-serif; font-size: 14px;\">\u200b<\/span><\/p>\n                            <h2><span style=\"font-family: avenir-lt-w01_35-light1475496, sans-serif; font-size: 14px;\">Wie gehen wir mit Minderj\u00e4hrigen um?<\/span><\/h2>\n                            <p><span style=\"font-family: avenir-lt-w01_35-light1475496, sans-serif; font-size: 14px;\">Nutzer erfasst KEINE Daten von Minderj\u00e4hrigen<\/span><\/p>\n                            <p><span style=\"font-family: avenir-lt-w01_35-light1475496, sans-serif; font-size: 14px;\">Die Dienste sind nicht f\u00fcr Nutzer bestimmt, die noch nicht die gesetzliche Vollj\u00e4hrigkeit erreicht haben. Wir werden wissentlich keine Daten von Kindern erfassen. Wenn Sie noch nicht vollj\u00e4hrig sind, sollten Sie die Dienste nicht herunterladen oder nutzen und uns keine Informationen zur Verf\u00fcgung stellen.<\/span><\/p>\n                            <p>&nbsp;<\/p>\n                            <p><span style=\"font-family: avenir-lt-w01_35-light1475496, sans-serif; font-size: 14px;\">Wir behalten uns das Recht vor, jederzeit einen Altersnachweis zu verlangen, damit wir \u00fcberpr\u00fcfen k\u00f6nnen, ob Minderj\u00e4hrige unsere Dienste nutzen. F\u00fcr den Fall, dass wir Kenntnis davon erlangen, dass ein Minderj\u00e4hriger unsere Dienste nutzt, k\u00f6nnen wir diesen Nutzern den Zugang zu unseren Diensten untersagen und ihn sperren, und wir k\u00f6nnen alle bei uns gespeicherten Daten \u00fcber diesen Nutzer l\u00f6schen. Sollten Sie Grund zu der Annahme haben, dass ein Minderj\u00e4hriger Daten an uns weitergegeben hat, nehmen Sie bitte, wie unten erl\u00e4utert, Kontakt zu uns auf.<\/span><\/p>\n                            <p><span style=\"font-family: avenir-lt-w01_35-light1475496, sans-serif; font-size: 14px;\">Kategorie: Nutzer erfasst Daten von Minderj\u00e4hrigen<\/span><\/p>\n                            <p><span style=\"font-family: avenir-lt-w01_35-light1475496, sans-serif; font-size: 14px;\">Kinder k\u00f6nnen unsere Dienste nutzen. Wenn sie jedoch Zugriff auf bestimmte Funktionen w\u00fcnschen, m\u00fcssen sie ggf. gewisse Angaben machen. Die Erfassung einiger Daten (einschlie\u00dflich Daten, die \u00fcber Cookies, Webbeacons und andere \u00e4hnliche Technologien gesammelt werden) kann automatisch erfolgen. Wenn wir wissentlich von einem Kind erfasste Daten sammeln, verwenden oder offenlegen, werden wir in \u00dcbereinstimmung mit geltendem Recht darauf hinweisen und die Zustimmung der Eltern einholen. Wir machen die Teilnahme eines Kindes an einer Online-Aktivit\u00e4t nicht davon abh\u00e4ngig, dass das Kind mehr Kontaktdaten angibt, als vern\u00fcnftigerweise f\u00fcr die Teilnahme an dieser Aktivit\u00e4t erforderlich ist. Wir verwenden die von uns erfassten Daten nur im Zusammenhang mit den Diensten, die das Kind angefordert hat.<\/span><\/p>\n                            <p>&nbsp;<\/p>\n                            <p><span style=\"font-family: avenir-lt-w01_35-light1475496, sans-serif; font-size: 14px;\">Wir k\u00f6nnen auch die Kontaktdaten eines Elternteils verwenden, um \u00fcber die Aktivit\u00e4ten des Kindes in den Diensten zu kommunizieren. Eltern k\u00f6nnen Daten, die wir von ihrem Kind erfasst haben, einsehen, uns untersagen, weitere Daten Ihres Kindes zu erfassen, und verlangen, dass alle von uns erfassten Daten aus unseren Aufzeichnungen gel\u00f6scht werden.<\/span><\/p>\n                            <p>&nbsp;<\/p>\n                            <p><span style=\"font-family: avenir-lt-w01_35-light1475496, sans-serif; font-size: 14px;\">Bitte nehmen Sie Kontakt zu uns auf, um die Daten Ihres Kindes einzusehen, zu aktualisieren oder zu l\u00f6schen. Zum Schutz Ihres Kindes bitten wir Sie ggf. um einen Nachweis Ihrer Identit\u00e4t. Wir k\u00f6nnen Ihnen den Zugriff auf die Daten verweigern, wenn wir der Ansicht sich, dass Ihre Identit\u00e4t fraglich ist. Bitte beachten Sie, dass bestimmte Daten aufgrund anderer gesetzlicher Verpflichtungen nicht gel\u00f6scht werden k\u00f6nnen.<\/span><\/p>\n                            <p><span style=\"font-family: avenir-lt-w01_35-light1475496, sans-serif; font-size: 14px;\">\u200b<\/span><\/p>\n                            <h2><span style=\"font-family: avenir-lt-w01_35-light1475496, sans-serif; font-size: 14px;\">\u200bPrinzipien der Datenerhebung f\u00fcr dieses Webseitenangebot<\/span><\/h2>\n                            <p><span style=\"font-family: avenir-lt-w01_35-light1475496, sans-serif; font-size: 14px;\">Wir verwenden Ihre personenbezogenen Daten nur f\u00fcr die in der Datenschutzrichtlinie festgelegten Zwecke und nur, wenn wir davon \u00fcberzeugt sind, dass:<\/span><\/p>\n                            <p>&nbsp;<\/p>\n                            <ul>\n                              <li><span style=\"font-family: avenir-lt-w01_35-light1475496, sans-serif; font-size: 14px;\">die Verwendung Ihrer personenbezogenen Daten erforderlich ist, um einen Vertrag zu erf\u00fcllen oder zu schlie\u00dfen (z. B. um Ihnen die Dienste selbst oder Kundenbetreuung bzw. technischen Support bereitzustellen);<\/span><\/li>\n                              <li><span style=\"font-family: avenir-lt-w01_35-light1475496, sans-serif; font-size: 14px;\">die Verwendung Ihrer personenbezogenen Daten notwendig ist, um entsprechenden rechtlichen oder beh\u00f6rdlichen Verpflichtungen nachzukommen, oder<\/span><\/li>\n                              <li><span style=\"font-family: avenir-lt-w01_35-light1475496, sans-serif; font-size: 14px;\">die Verwendung Ihrer personenbezogenen Daten notwendig ist, um unsere berechtigten gesch\u00e4ftlichen Interessen zu unterst\u00fctzen (unter der Ma\u00dfgabe, dass dies jederzeit in einer Weise erfolgt, die verh\u00e4ltnism\u00e4\u00dfig ist und Ihre Datenschutzrechte respektiert).<\/span><\/li>\n                            <\/ul>\n                            <p>&nbsp;<\/p>\n                            <p><span style=\"font-family: avenir-lt-w01_35-light1475496, sans-serif; font-size: 14px;\">Als EU-Ans\u00e4ssiger k\u00f6nnen Sie:<\/span><\/p>\n                            <ul>\n                              <li><span style=\"font-family: avenir-lt-w01_35-light1475496, sans-serif; font-size: 14px;\">eine Best\u00e4tigung dar\u00fcber verlangen, ob personenbezogene Daten verarbeitet werden, die Sie betreffen, oder nicht, und Zugriff auf Ihre gespeicherten personenbezogenen Daten sowie auf bestimmte Zusatzinformationen anfordern;<\/span><\/li>\n                              <li><span style=\"font-family: avenir-lt-w01_35-light1475496, sans-serif; font-size: 14px;\">den Erhalt von personenbezogenen Daten, die Sie uns bereitgestellt haben, in einem strukturierten, g\u00e4ngigen und maschinenlesbaren Format verlangen;<\/span><\/li>\n                              <li><span style=\"font-family: avenir-lt-w01_35-light1475496, sans-serif; font-size: 14px;\">die Berichtigung lhrer personenbezogenen Daten verlangen, die bei uns gespeichert sind;<\/span><\/li>\n                              <li><span style=\"font-family: avenir-lt-w01_35-light1475496, sans-serif; font-size: 14px;\">die L\u00f6schung Ihrer personenbezogenen Daten verlangen;<\/span><\/li>\n                              <li><span style=\"font-family: avenir-lt-w01_35-light1475496, sans-serif; font-size: 14px;\">der Verarbeitung Ihrer personenbezogenen Daten durch uns widersprechen;<\/span><\/li>\n                              <li><span style=\"font-family: avenir-lt-w01_35-light1475496, sans-serif; font-size: 14px;\">die Einschr\u00e4nkung der Verarbeitung Ihrer personenbezogenen Daten verlangen, oder<\/span><\/li>\n                              <li><span style=\"font-family: avenir-lt-w01_35-light1475496, sans-serif; font-size: 14px;\">eine Beschwerde bei einer Aufsichtsbeh\u00f6rde einreichen.<\/span><\/li>\n                            <\/ul>\n                            <p><span style=\"font-family: avenir-lt-w01_35-light1475496, sans-serif; font-size: 14px;\">\u200b<\/span><\/p>\n                            <p><span style=\"font-family: avenir-lt-w01_35-light1475496, sans-serif; font-size: 14px;\">Bitte beachten Sie jedoch, dass diese Rechte nicht uneingeschr\u00e4nkt g\u00fcltig sind und unseren eigenen berechtigten Interessen und regulatorischen Anforderungen unterliegen k\u00f6nnen. Wenn Sie allgemeine Fragen zu den von uns erfassten personenbezogenen Daten und deren Verwendung haben, wenden Sie sich bitte an uns, wie oben angegeben.<\/span><\/p>\n                            <p><span style=\"font-family: avenir-lt-w01_35-light1475496, sans-serif; font-size: 14px;\">Im Zuge der Bereitstellung der Dienste k\u00f6nnen wir Daten grenz\u00fcberschreitend an verbundene Unternehmen oder andere Dritte und aus Ihrem Land\/Ihrer Rechtsordnung in andere L\u00e4nder\/Rechtsordnungen weltweit \u00fcbertragen. Durch die Nutzung der Dienste stimmen Sie der \u00dcbertragung Ihrer Daten au\u00dferhalb des EWR zu.<\/span><\/p>\n                            <p>&nbsp;<\/p>\n                            <p><span style=\"font-family: avenir-lt-w01_35-light1475496, sans-serif; font-size: 14px;\">Wenn Sie im EWR ans\u00e4ssig sind, werden Ihre personenbezogenen Daten nur dann an Standorte au\u00dferhalb des EWR \u00fcbertragen, wenn wir davon \u00fcberzeugt sind, dass ein angemessenes oder vergleichbares Niveau zum Schutz personenbezogener Daten besteht. Wir werden geeignete Schritte unternehmen, um sicherzustellen, dass wir \u00fcber angemessene vertragliche Vereinbarungen mit unseren Drittparteien verf\u00fcgen, um zu gew\u00e4hrleisten, dass entsprechende Sicherheitsvorkehrungen getroffen werden, so dass das Risiko einer unrechtm\u00e4\u00dfigen Nutzung, \u00c4nderung, L\u00f6schung, eines Verlusts oder Diebstahls Ihrer personenbezogenen Daten minimiert wird und dass diese Drittparteien jederzeit in \u00dcbereinstimmung mit den geltenden Gesetzen handeln.<\/span><\/p>\n                            <p><span style=\"font-family: avenir-lt-w01_35-light1475496, sans-serif; font-size: 14px;\">Rechte gem\u00e4\u00df kalifornischem Verbraucherschutzgesetz<\/span><\/p>\n                            <p>&nbsp;<\/p>\n                            <p><span style=\"font-family: avenir-lt-w01_35-light1475496, sans-serif; font-size: 14px;\">Wenn Sie die Dienste als Einwohner Kaliforniens nutzen, dann sind Sie m\u00f6glicherweise nach dem kalifornischen Verbraucherschutzgesetz (California Consumer Privacy Act; \u201eCCPA\u201c) berechtigt, Zugriff auf und L\u00f6schung Ihrer Daten zu verlangen.<\/span><\/p>\n                            <p><span style=\"font-family: avenir-lt-w01_35-light1475496, sans-serif; font-size: 14px;\">\u200b<\/span><\/p>\n                            <p><span style=\"font-family: avenir-lt-w01_35-light1475496, sans-serif; font-size: 14px;\">\u200b<\/span><\/p>\n                            <h2><span style=\"font-family: avenir-lt-w01_35-light1475496, sans-serif; font-size: 14px;\">Weiteres zu Socialmedia, Einbettung- und Verlinkungen<\/span><\/h2>\n                            <p><span style=\"font-family: avenir-lt-w01_35-light1475496, sans-serif; font-size: 14px;\">\u200b<\/span><\/p>\n                            <p><span style=\"font-family: avenir-lt-w01_35-light1475496, sans-serif; font-size: 14px;\">Wir l\u00f6schen die Anfragen, sofern diese nicht mehr erforderlich sind. Wir \u00fcberpr\u00fcfen die Erforderlichkeit alle zwei Jahre; Ferner gelten die gesetzlichen Archivierungspflichten.<\/span><\/p>\n                            <p><span style=\"font-family: avenir-lt-w01_35-light1475496, sans-serif; font-size: 14px;\">Kommentarabonnements<\/span><\/p>\n                            <p><span style=\"font-family: avenir-lt-w01_35-light1475496, sans-serif; font-size: 14px;\">Die Nachfolgekommentare k\u00f6nnen durch Nutzer mit deren Einwilligung gem. Art. 6 Abs. 1 lit. a DSGVO abonniert werden. Die Nutzer erhalten eine Best\u00e4tigungsemail, um zu \u00fcberpr\u00fcfen, ob sie der Inhaber der eingegebenen Emailadresse sind. Nutzer k\u00f6nnen laufende Kommentarabonnements jederzeit abbestellen. Die Best\u00e4tigungsemail wird Hinweise zu den Widerrufsm\u00f6glichkeiten enthalten. F\u00fcr die Zwecke des Nachweises der Einwilligung der Nutzer, speichern wir den Anmeldezeotpunkt nebst der IP-Adresse der Nutzer und l\u00f6schen diese Informationen, wenn Nutzer sich von dem Abonnement abmelden.<br><br>Sie k\u00f6nnen den Empfang unseres Abonnemenets jederzeit k\u00fcndigen, d.h. Ihre Einwilligungen widerrufen. Wir k\u00f6nnen die ausgetragenen E-Mailadressen bis zu drei Jahren auf Grundlage unserer berechtigten Interessen speichern bevor wir sie l\u00f6schen, um eine ehemals gegebene Einwilligung nachweisen zu k\u00f6nnen. Die Verarbeitung dieser Daten wird auf den Zweck einer m\u00f6glichen Abwehr von Anspr\u00fcchen beschr\u00e4nkt. Ein individueller L\u00f6schungsantrag ist jederzeit m\u00f6glich, sofern zugleich das ehemalige Bestehen einer Einwilligung best\u00e4tigt wird.<\/span><\/p>\n                            <p><span style=\"font-family: avenir-lt-w01_35-light1475496, sans-serif; font-size: 14px;\">Onlinepr\u00e4senzen in sozialen Medien<\/span><\/p>\n                            <p><span style=\"font-family: avenir-lt-w01_35-light1475496, sans-serif; font-size: 14px;\">Wir unterhalten Onlinepr\u00e4senzen innerhalb sozialer Netzwerke und Plattformen, um mit den dort aktiven Kunden, Interessenten und Nutzern kommunizieren und sie dort \u00fcber unsere Leistungen informieren zu k\u00f6nnen. Beim Aufruf der jeweiligen Netzwerke und Plattformen gelten die Gesch\u00e4ftsbedingungen und die Datenverarbeitungsrichtlinien deren jeweiligen Betreiber.<br><br>Soweit nicht anders im Rahmen unserer Datenschutzerkl\u00e4rung angegeben, verarbeiten wir die Daten der Nutzer sofern diese mit uns innerhalb der sozialen Netzwerke und Plattformen kommunizieren, z.B. Beitr\u00e4ge auf unseren Onlinepr\u00e4senzen verfassen oder uns Nachrichten zusenden.<\/span><\/p>\n                            <p><span style=\"font-family: avenir-lt-w01_35-light1475496, sans-serif; font-size: 14px;\">Einbindung von Diensten und Inhalten Dritter<\/span><\/p>\n                            <p><span style=\"font-family: avenir-lt-w01_35-light1475496, sans-serif; font-size: 14px;\">Wir setzen innerhalb unseres Onlineangebotes auf Grundlage unserer berechtigten Interessen (d.h. Interesse an der Analyse, Optimierung und wirtschaftlichem Betrieb unseres Onlineangebotes im Sinne des Art. 6 Abs. 1 lit. f. DSGVO) Inhalts- oder Serviceangebote von Drittanbietern ein, um deren Inhalte und Services, wie z.B. Videos oder Schriftarten einzubinden (nachfolgend einheitlich bezeichnet als &#8222;Inhalte&#8220;).<br><br>Dies setzt immer voraus, dass die Drittanbieter dieser Inhalte, die IP-Adresse der Nutzer wahrnehmen, da sie ohne die IP-Adresse die Inhalte nicht an deren Browser senden k\u00f6nnten. Die IP-Adresse ist damit f\u00fcr die Darstellung dieser Inhalte erforderlich. Wir bem\u00fchen uns nur solche Inhalte zu verwenden, deren jeweilige Anbieter die IP-Adresse lediglich zur Auslieferung der Inhalte verwenden. Drittanbieter k\u00f6nnen ferner so genannte Pixel-Tags (unsichtbare Grafiken, auch als &#8222;Web Beacons&#8220; bezeichnet) f\u00fcr statistische oder Marketingzwecke verwenden. Durch die &#8222;Pixel-Tags&#8220; k\u00f6nnen Informationen, wie der Besucherverkehr auf den Seiten dieser Website ausgewertet werden. Die pseudonymen Informationen k\u00f6nnen ferner in Cookies auf dem Ger\u00e4t der Nutzer gespeichert werden und unter anderem technische Informationen zum Browser und Betriebssystem, verweisende Webseiten, Besuchszeit sowie weitere Angaben zur Nutzung unseres Onlineangebotes enthalten, als auch mit solchen Informationen aus anderen Quellen verbunden werden.<\/span><\/p>\n                            <p>&nbsp;<\/p>\n                            <h2><span style=\"font-family: avenir-lt-w01_35-light1475496, sans-serif; font-size: 14px;\">Youtube<\/span><\/h2>\n                            <p><span style=\"font-family: avenir-lt-w01_35-light1475496, sans-serif; font-size: 14px;\">Wir binden die Videos der Plattform &#8222;YouTube&#8220; des Anbieters Google LLC, 1600 Amphitheatre Parkway, Mountain View, CA 94043, USA, ein. Datenschutzerkl\u00e4rung:&nbsp;<\/span>\n                              <a href=\"https:\/\/www.google.com\/policies\/privacy\/,\" style=\"font-family: avenir-lt-w01_35-light1475496, sans-serif; font-size: 14px; color: inherit;\" target=\"_blank\" rel=\"noopener\">https:\/\/www.google.com\/policies\/privacy\/,<\/a><span style=\"font-family: avenir-lt-w01_35-light1475496, sans-serif; font-size: 14px;\">&nbsp;Opt-Out:&nbsp;<\/span>\n                                <a href=\"https:\/\/adssettings.google.com\/authenticated.\" style=\"font-family: avenir-lt-w01_35-light1475496, sans-serif; font-size: 14px; color: inherit;\" target=\"_blank\" rel=\"noopener\">https:\/\/adssettings.google.com\/authenticated.<\/a>\n                            <\/p>\n                            <p><span style=\"font-family: avenir-lt-w01_35-light1475496, sans-serif; font-size: 14px;\">\u200b<\/span><\/p>\n                            <h2><span style=\"font-family: avenir-lt-w01_35-light1475496, sans-serif; font-size: 14px;\">Google Fonts<\/span><\/h2>\n                            <p><span style=\"font-family: avenir-lt-w01_35-light1475496, sans-serif; font-size: 14px;\">Wir binden die Schriftarten (&#8222;Google Fonts&#8220;) des Anbieters Google LLC, 1600 Amphitheatre Parkway, Mountain View, CA 94043, USA, ein. Datenschutzerkl\u00e4rung:&nbsp;<\/span>\n                              <a href=\"https:\/\/www.google.com\/policies\/privacy\/,\" style=\"font-family: avenir-lt-w01_35-light1475496, sans-serif; font-size: 14px; color: inherit;\" target=\"_blank\" rel=\"noopener\">https:\/\/www.google.com\/policies\/privacy\/,<\/a><span style=\"font-family: avenir-lt-w01_35-light1475496, sans-serif; font-size: 14px;\">&nbsp;Opt-Out:&nbsp;<\/span>\n                                <a href=\"https:\/\/adssettings.google.com\/authenticated.\" style=\"font-family: avenir-lt-w01_35-light1475496, sans-serif; font-size: 14px; color: inherit;\" target=\"_blank\" rel=\"noopener\">https:\/\/adssettings.google.com\/authenticated.<\/a>\n                            <\/p>\n                            <p><span style=\"font-family: avenir-lt-w01_35-light1475496, sans-serif; font-size: 14px;\">\u200b<\/span><\/p>\n                            <h2><span style=\"font-family: avenir-lt-w01_35-light1475496, sans-serif; font-size: 14px;\">Verwendung von Facebook Social Plugins<\/span><\/h2>\n                            <p><span style=\"font-family: avenir-lt-w01_35-light1475496, sans-serif; font-size: 14px;\">Wir nutzen auf Grundlage unserer berechtigten Interessen (d.h. Interesse an der Analyse, Optimierung und wirtschaftlichem Betrieb unseres Onlineangebotes im Sinne des Art. 6 Abs. 1 lit. f. DSGVO) Social Plugins (&#8222;Plugins&#8220;) des sozialen Netzwerkes facebook.com, welches von der Facebook Ireland Ltd., 4 Grand Canal Square, Grand Canal Harbour, Dublin 2, Irland betrieben wird (&#8222;Facebook&#8220;). Die Plugins k\u00f6nnen Interaktionselemente oder Inhalte (z.B. Videos, Grafiken oder Textbeitr\u00e4ge) darstellen und sind an einem der Facebook Logos erkennbar (wei\u00dfes \u201ef&#8220; auf blauer Kachel, den Begriffen &#8222;Like&#8220;, &#8222;Gef\u00e4llt mir&#8220; oder einem \u201eDaumen hoch&#8220;-Zeichen) oder sind mit dem Zusatz &#8222;Facebook Social Plugin&#8220; gekennzeichnet. Die Liste und das Aussehen der Facebook Social Plugins kann hier eingesehen werden:&nbsp;<\/span>\n                              <a href=\"https:\/\/developers.facebook.com\/docs\/plugins\" style=\"font-family: avenir-lt-w01_35-light1475496, sans-serif; font-size: 14px; color: inherit;\" target=\"_blank\" rel=\"noopener\">https:\/\/developers.facebook.com\/docs\/plugins\/.<\/a><span style=\"font-family: avenir-lt-w01_35-light1475496, sans-serif; font-size: 14px;\"><br><br>Facebook ist unter dem Privacy-Shield-Abkommen zertifiziert und bietet hierdurch eine Garantie, das europ\u00e4ische Datenschutzrecht einzuhalten (https:\/\/www.privacyshield.gov\/participant?id=a2zt0000000GnywAAC&amp;status=Active).<br><br>Wenn ein Nutzer eine Funktion dieses Onlineangebotes aufruft, die ein solches Plugin enth\u00e4lt, baut sein Ger\u00e4t eine direkte Verbindung mit den Servern von Facebook auf. Der Inhalt des Plugins wird von Facebook direkt an das Ger\u00e4t des Nutzers \u00fcbermittelt und von diesem in das Onlineangebot eingebunden. Dabei k\u00f6nnen aus den verarbeiteten Daten Nutzungsprofile der Nutzer erstellt werden. Wir haben daher keinen Einfluss auf den Umfang der Daten, die Facebook mit Hilfe dieses Plugins erhebt und informiert die Nutzer daher entsprechend unserem Kenntnisstand.<br><br>Durch die Einbindung der Plugins erh\u00e4lt Facebook die Information, dass ein Nutzer die entsprechende Seite des Onlineangebotes aufgerufen hat. Ist der Nutzer bei Facebook eingeloggt, kann Facebook den Besuch seinem Facebook-Konto zuordnen. Wenn Nutzer mit den Plugins interagieren, zum Beispiel den Like Button bet\u00e4tigen oder einen Kommentar abgeben, wird die entsprechende Information von Ihrem Ger\u00e4t direkt an Facebook \u00fcbermittelt und dort gespeichert. Falls ein Nutzer kein Mitglied von Facebook ist, besteht trotzdem die M\u00f6glichkeit, dass Facebook seine IP-Adresse in Erfahrung bringt und speichert. Laut Facebook wird in Deutschland nur eine anonymisierte IP-Adresse gespeichert.<br><br>Zweck und Umfang der Datenerhebung und die weitere Verarbeitung und Nutzung der Daten durch Facebook sowie die diesbez\u00fcglichen Rechte und Einstellungsm\u00f6glichkeiten zum Schutz der Privatsph\u00e4re der Nutzer, k\u00f6nnen diese den Datenschutzhinweisen von Facebook entnehmen: https:\/\/www.facebook.com\/about\/privacy\/.<br><br>Wenn ein Nutzer Facebookmitglied ist und nicht m\u00f6chte, dass Facebook \u00fcber dieses Onlineangebot Daten \u00fcber ihn sammelt und mit seinen bei Facebook gespeicherten Mitgliedsdaten verkn\u00fcpft, muss er sich vor der Nutzung unseres Onlineangebotes bei Facebook ausloggen und seine Cookies l\u00f6schen. Weitere Einstellungen und Widerspr\u00fcche zur Nutzung von Daten f\u00fcr Werbezwecke, sind innerhalb der Facebook-Profileinstellungen m\u00f6glich: https:\/\/www.facebook.com\/settings?tab=ads&nbsp;oder \u00fcber die US-amerikanische Seite http:\/\/www.aboutads.info\/choices\/&nbsp;oder die EU-Seite http:\/\/www.youronlinechoices.com\/. Die Einstellungen erfolgen plattformunabh\u00e4ngig, d.h. sie werden f\u00fcr alle Ger\u00e4te, wie Desktopcomputer oder mobile Ger\u00e4te \u00fcbernommen.<\/span><\/p>\n                            <p><span style=\"font-family: avenir-lt-w01_35-light1475496, sans-serif; font-size: 14px;\">\u200b<\/span><\/p>\n                            <p><span style=\"font-family: avenir-lt-w01_35-light1475496, sans-serif; font-size: 14px;\">Im Rahmen der Inanspruchnahme unserer Onlinedienste, speichern wir die IP-Adresse und den Zeitpunkt der jeweiligen Nutzerhandlung. Die Speicherung erfolgt auf Grundlage unserer berechtigten Interessen, als auch der Nutzer an Schutz vor Missbrauch und sonstiger unbefugter Nutzung. Eine Weitergabe dieser Daten an Dritte erfolgt grunds\u00e4tzlich nicht, au\u00dfer sie ist zur Verfolgung unserer Anspr\u00fcche erforderlich oder es besteht hierzu eine gesetzliche Verpflichtung gem. Art. 6 Abs. 1 lit. c DSGVO.<br><br>Wir verarbeiten Nutzungsdaten (z.B., die besuchten Webseiten unseres Onlineangebotes, Interesse an unseren Produkten) und Inhaltsdaten (z.B., Eingaben im Kontaktformular oder Nutzerprofil) f\u00fcr Werbezwecke in einem Nutzerprofil, um den Nutzer z.B. Produkthinweise ausgehend von ihren bisher in Anspruch genommenen Leistungen einzublenden.<\/span>\n                              <br>&nbsp;<\/p>\n                            <h2><span style=\"font-family: avenir-lt-w01_35-light1475496, sans-serif; font-size: 14px;\">Amazon-Partnerprogramm<\/span><\/h2>\n                            <p><span style=\"font-family: avenir-lt-w01_35-light1475496, sans-serif; font-size: 14px;\">Wir sind auf Grundlage unserer berechtigten Interessen (d.h. Interesse am wirtschaftlichem Betrieb unseres Onlineangebotes im Sinne des Art. 6 Abs. 1 lit. f. DSGVO) Teilnehmer des Partnerprogramms von Amazon EU, das zur Bereitstellung eines Mediums f\u00fcr Websites konzipiert wurde, mittels dessen durch die Platzierung von Werbeanzeigen und Links zu Amazon.de Werbekostenerstattung verdient werden kann (sog. Affiliate-System). Amazon setzt Cookies ein, um die Herkunft der Bestellungen nachvollziehen zu k\u00f6nnen. Unter anderem kann Amazon erkennen, dass Sie den Partnerlink auf dieser Website geklickt und anschlie\u00dfend ein Produkt bei Amazon erworben haben.<br><br>Weitere Informationen zur Datennutzung durch Amazon und Widerspruchsm\u00f6glichkeiten erhalten Sie in der Datenschutzerkl\u00e4rung des Unternehmens: http:\/\/www.amazon.de\/gp\/help\/customer\/display.html\/ref=footer_privacy?ie=UTF8&amp;nodeId=3312401.<\/span><\/p>\n                            <p><span style=\"font-family: avenir-lt-w01_35-light1475496, sans-serif; font-size: 14px;\">KontaktaufnahmeBei der Kontaktaufnahme mit uns (z.B. per Kontaktformular, E-Mail, Telefon oder via sozialer Medien) werden die Angaben des Nutzers zur Bearbeitung der Kontaktanfrage und deren Abwicklung gem. Art. 6 Abs. 1 lit. b) DSGVO verarbeitet. Die Angaben der Nutzer k\u00f6nnen in einem Customer-Relationship-Management System (&#8222;CRM System&#8220;) oder vergleichbarer Anfragenorganisation gespeichert werden.<\/span><\/p>\n                            <p><span style=\"font-family: avenir-lt-w01_35-light1475496, sans-serif; font-size: 14px;\">\u200b<\/span><\/p>\n                            <h2><span style=\"font-family: avenir-lt-w01_35-light1475496, sans-serif; font-size: 14px;\">Twitter<\/span><\/h2>\n                            <p><span style=\"font-family: avenir-lt-w01_35-light1475496, sans-serif; font-size: 14px;\">Innerhalb unseres Onlineangebotes k\u00f6nnen Funktionen und Inhalte des Dienstes Twitter eingebunden, angeboten durch die Twitter Inc., 1355 Market Street, Suite 900, San Francisco, CA 94103, USA. Hierzu k\u00f6nnen z.B. Inhalte wie Bilder, Videos oder Texte und Schaltfl\u00e4chen geh\u00f6ren, mit denen Nutzer Ihr Gefallen betreffend die Inhalte kundtun, den Verfassern der Inhalte oder unsere Beitr\u00e4ge abonnieren k\u00f6nnen. Sofern die Nutzer Mitglieder der Plattform Twitter sind, kann Twitter den Aufruf der o.g. Inhalte und Funktionen den dortigen Profilen der Nutzer zuordnen. Twitter ist unter dem Privacy-Shield-Abkommen zertifiziert und bietet hierdurch eine Garantie, das europ\u00e4ische Datenschutzrecht einzuhalten (<\/span>\n                              <a href=\"https:\/\/www.privacyshield.gov\/participant?id=a2zt0000000TORzAAO&amp;status=Active).\" style=\"font-family: avenir-lt-w01_35-light1475496, sans-serif; font-size: 14px; color: inherit;\" target=\"_blank\" rel=\"noopener\">https:\/\/www.privacyshield.gov\/participant?id=a2zt0000000TORzAAO&amp;status=Active).<\/a><span style=\"font-family: avenir-lt-w01_35-light1475496, sans-serif; font-size: 14px;\">&nbsp;Datenschutzerkl\u00e4rung:&nbsp;<\/span>\n                                <a href=\"https:\/\/twitter.com\/de\/privacy,\" style=\"font-family: avenir-lt-w01_35-light1475496, sans-serif; font-size: 14px; color: inherit;\" target=\"_blank\" rel=\"noopener\">https:\/\/twitter.com\/de\/privacy,<\/a><span style=\"font-family: avenir-lt-w01_35-light1475496, sans-serif; font-size: 14px;\">&nbsp;Opt-Out:&nbsp;<\/span>\n                                <a href=\"https:\/\/twitter.com\/personalization.\" style=\"font-family: avenir-lt-w01_35-light1475496, sans-serif; font-size: 14px; color: inherit;\" target=\"_blank\" rel=\"noopener\">https:\/\/twitter.com\/personalization.<\/a>\n                            <\/p>\n                            <h4><span style=\"font-family: avenir-lt-w01_35-light1475496, sans-serif; font-size: 14px;\">\u200b<\/span><\/h4>\n                            <h2><span style=\"font-family: avenir-lt-w01_35-light1475496, sans-serif; font-size: 14px;\">Aktualisierungen oder \u00c4nderungen der Datenschutzrichtlinie<\/span><\/h2>\n                            <p><span style=\"font-family: avenir-lt-w01_35-light1475496, sans-serif; font-size: 14px;\">Wir k\u00f6nnen diese Datenschutzrichtlinie nach eigenem Ermessen von Zeit zu Zeit \u00fcberarbeiten, die auf der Website ver\u00f6ffentlichte Version ist immer aktuell (siehe Angabe zum \u201eStand\u201c). Wir bitten Sie, diese Datenschutzrichtlinie regelm\u00e4\u00dfig auf \u00c4nderungen zu \u00fcberpr\u00fcfen. Bei wesentlichen \u00c4nderungen werden wir einen Hinweis dazu auf unserer Website ver\u00f6ffentlichen. Wenn Sie die Dienste nach erfolgter Benachrichtigung \u00fcber \u00c4nderungen auf unsere Website weiter nutzen, gilt dies als Ihre Best\u00e4tigung und Zustimmung zu den \u00c4nderungen der Datenschutzrichtlinie und Ihr Einverst\u00e4ndnis an die Bedingungen dieser \u00c4nderungen gebunden zu sein.<\/span><\/p>\n                            <p>\n                              <br>\n                            <\/p>\n                          <\/div>\n                        <\/div>\n                      <\/div>\n                    <\/div>\n                  <\/div>\n                <\/div>\n              <\/div>\n            <\/div>\n          <\/div>\n        <\/div>\n      <\/div>\n    <\/div>\n  <\/div>\n<\/div>","protected":false},"excerpt":{"rendered":"<p>Datenschutzerkl\u00e4rung Diese Datenschutzerkl\u00e4rung kl\u00e4rt Sie \u00fcber die Art, den Umfang und Zweck der Verarbeitung von personenbezogenen Daten (nachfolgend kurz \u201eDaten&#8220;) innerhalb unseres Onlineangebotes und der mit ihm verbundenen Webseiten, Funktionen und Inhalte sowie externen Onlinepr\u00e4senzen, wie z.B. unser Social Media Profile auf. (nachfolgend gemeinsam bezeichnet als \u201eOnlineangebot&#8220;). Im Hinblick auf die verwendeten Begrifflichkeiten, wie z.B. [&hellip;]<\/p>\n","protected":false},"author":1,"featured_media":0,"parent":0,"menu_order":0,"comment_status":"closed","ping_status":"closed","template":"page-templates\/full-width-page.php","meta":{"footnotes":""},"class_list":["post-313","page","type-page","status-publish","hentry"],"_links":{"self":[{"href":"https:\/\/www.boettcher-film.de\/index.php?rest_route=\/wp\/v2\/pages\/313","targetHints":{"allow":["GET"]}}],"collection":[{"href":"https:\/\/www.boettcher-film.de\/index.php?rest_route=\/wp\/v2\/pages"}],"about":[{"href":"https:\/\/www.boettcher-film.de\/index.php?rest_route=\/wp\/v2\/types\/page"}],"author":[{"embeddable":true,"href":"https:\/\/www.boettcher-film.de\/index.php?rest_route=\/wp\/v2\/users\/1"}],"replies":[{"embeddable":true,"href":"https:\/\/www.boettcher-film.de\/index.php?rest_route=%2Fwp%2Fv2%2Fcomments&post=313"}],"version-history":[{"count":4,"href":"https:\/\/www.boettcher-film.de\/index.php?rest_route=\/wp\/v2\/pages\/313\/revisions"}],"predecessor-version":[{"id":1846,"href":"https:\/\/www.boettcher-film.de\/index.php?rest_route=\/wp\/v2\/pages\/313\/revisions\/1846"}],"wp:attachment":[{"href":"https:\/\/www.boettcher-film.de\/index.php?rest_route=%2Fwp%2Fv2%2Fmedia&parent=313"}],"curies":[{"name":"wp","href":"https:\/\/api.w.org\/{rel}","templated":true}]}}